{"id":99,"date":"2021-03-15T15:02:28","date_gmt":"2021-03-15T15:02:28","guid":{"rendered":"https:\/\/dormisan.eu\/?post_type=product&#038;p=99"},"modified":"2026-07-13T12:04:41","modified_gmt":"2026-07-13T12:04:41","slug":"merino-set-dolomiti-prijemne-teplo","status":"publish","type":"product","link":"https:\/\/www.dormisan.eu\/it\/eshop\/merino-set-dolomiti-prijemne-teplo\/","title":{"rendered":"Merino set DOLOMITI &#8211; pr\u00edjemn\u00e9 teplo"},"content":{"rendered":"<p>Celoro\u010dn\u00fd vank\u00fa\u0161 a prikr\u00fdvka DOLOMITI s\u00fa vyroben\u00e9 zo 100% pr\u00edrodn\u00fdch materi\u00e1lov \u2013 bavlny a ov\u010dej vlny Merino, ktor\u00e1 je ide\u00e1lnym variantom pre pokojn\u00fd a zdrav\u00fd sp\u00e1nok. V\u010faka jej termoregula\u010dn\u00fdm a hydroskopick\u00fdm vlastnostiam zaru\u010duje pocit sucha a svie\u017eosti po\u010das oddychu po cel\u00fd rok &#8211; v zime, ale aj v lete. V zime dok\u00e1\u017ee telo pr\u00edjemne zahria\u0165 a v lete poskytne chladiv\u00fd pocit. Pri vy\u0161\u0161\u00edch teplot\u00e1ch v\u00fdborne odv\u00e1dza vlhkos\u0165 tvoren\u00fa telom, a v\u010faka \u0161peci\u00e1lnej \u0161trukt\u00fare vl\u00e1kien ju n\u00e1sledne odv\u00e1dza do vzduchu. Set DOLOMITI vytv\u00e1ra pri sp\u00e1nku such\u00e9 teplo, ktor\u00e9 p\u00f4sob\u00ed priaznivo aj pri reumatick\u00fdch \u0165a\u017ekostiach.<\/p>\n<p><img decoding=\"async\" class=\"wp-image-4736\" src=\"https:\/\/www.dormisan.eu\/wp-content\/uploads\/2019\/11\/ANTIBATTERICO.svg\" alt=\"\" width=\"50\" height=\"50\" \/> <img decoding=\"async\" class=\"wp-image-4733\" src=\"https:\/\/www.dormisan.eu\/wp-content\/uploads\/2019\/11\/ANTIACARO.svg\" alt=\"\" width=\"50\" height=\"50\" \/>\u00a0<img decoding=\"async\" class=\"size-thumbnail wp-image-5763 alignnone\" src=\"https:\/\/www.dormisan.eu\/wp-content\/uploads\/2020\/12\/wool-2.svg\" alt=\"\" width=\"50\" height=\"50\" \/><\/p>\n<div class=\"table-2\">\n<table width=\"100%\">\n<tbody>\n<tr>\n<td align=\"left\">Jadro (materi\u00e1l)<\/td>\n<td align=\"left\">100 % bavlna a 100% ov\u010dia vlna Merino<\/td>\n<\/tr>\n<tr>\n<td align=\"left\">Rozmer<\/td>\n<td align=\"left\">40 x 80 cm, 140 x 200 cm<\/td>\n<\/tr>\n<\/tbody>\n<\/table>\n<\/div>","protected":false},"excerpt":{"rendered":"<p>Celoro\u010dn\u00fd vank\u00fa\u0161 a prikr\u00fdvka DOLOMITI s\u00fa vyroben\u00e9 zo 100% pr\u00edrodn\u00fdch materi\u00e1lov \u2013 bavlny a ov\u010dej vlny Merino, ktor\u00e1 je ide\u00e1lnym variantom pre pokojn\u00fd a zdrav\u00fd sp\u00e1nok. V\u010faka jej termoregula\u010dn\u00fdm a hydroskopick\u00fdm vlastnostiam zaru\u010duje pocit sucha a svie\u017eosti po\u010das oddychu po cel\u00fd rok &#8211; v zime, ale aj v lete. V zime dok\u00e1\u017ee telo pr\u00edjemne zahria\u0165 a v lete poskytne chladiv\u00fd pocit. Pri vy\u0161\u0161\u00edch teplot\u00e1ch v\u00fdborne odv\u00e1dza vlhkos\u0165 tvoren\u00fa telom, a v\u010faka \u0161peci\u00e1lnej \u0161trukt\u00fare vl\u00e1kien ju n\u00e1sledne odv\u00e1dza do vzduchu. Set DOLOMITI vytv\u00e1ra pri sp\u00e1nku such\u00e9 teplo, ktor\u00e9 p\u00f4sob\u00ed priaznivo aj pri reumatick\u00fdch \u0165a\u017ekostiach.<\/p>\n<p><img decoding=\"async\" class=\"wp-image-4736\" src=\"https:\/\/www.dormisan.eu\/wp-content\/uploads\/2019\/11\/ANTIBATTERICO.svg\" alt=\"\" width=\"50\" height=\"50\" \/> <img decoding=\"async\" class=\"wp-image-4733\" src=\"https:\/\/www.dormisan.eu\/wp-content\/uploads\/2019\/11\/ANTIACARO.svg\" alt=\"\" width=\"50\" height=\"50\" \/>\u00a0<img decoding=\"async\" class=\"size-thumbnail wp-image-5763 alignnone\" src=\"https:\/\/www.dormisan.eu\/wp-content\/uploads\/2020\/12\/wool-2.svg\" alt=\"\" width=\"50\" height=\"50\" \/><\/p>\n<div class=\"table-2\">\n<table width=\"100%\">\n<tbody>\n<tr>\n<td align=\"left\">Jadro (materi\u00e1l)<\/td>\n<td align=\"left\">[acf field=\"8\"]<\/td>\n<\/tr>\n<tr>\n<td align=\"left\">Rozmer<\/td>\n<td align=\"left\">[acf field=\"10\"]<\/td>\n<\/tr>\n<\/tbody>\n<\/table>\n<\/div>\n","protected":false},"featured_media":12090,"template":"","meta":{"_acf_changed":false,"_relevanssi_hide_post":"","_relevanssi_hide_content":"","_relevanssi_pin_for_all":"","_relevanssi_pin_keywords":"","_relevanssi_unpin_keywords":"","_relevanssi_related_keywords":"","_relevanssi_related_include_ids":"","_relevanssi_related_exclude_ids":"","_relevanssi_related_no_append":"","_relevanssi_related_not_related":"","_relevanssi_related_posts":"","_relevanssi_noindex_reason":""},"product_brand":[],"product_cat":[22],"product_tag":[],"class_list":["post-99","product","type-product","status-publish","has-post-thumbnail","product_cat-prikryvky","first","instock","taxable","shipping-taxable","purchasable","product-type-simple"],"acf":[],"yoast_head":"<!-- This site is optimized with the Yoast SEO plugin v28.3 - https:\/\/yoast.com\/product\/yoast-seo-wordpress\/ -->\n<title>Merino set DOLOMITI - pr\u00edjemn\u00e9 teplo - Dormisan<\/title>\n<meta name=\"robots\" content=\"index, follow, max-snippet:-1, max-image-preview:large, max-video-preview:-1\" \/>\n<link rel=\"canonical\" href=\"https:\/\/www.dormisan.eu\/it\/eshop\/merino-set-dolomiti-prijemne-teplo\/\" \/>\n<meta property=\"og:locale\" content=\"it_IT\" \/>\n<meta property=\"og:type\" content=\"article\" \/>\n<meta property=\"og:title\" content=\"Merino set DOLOMITI - pr\u00edjemn\u00e9 teplo - Dormisan\" \/>\n<meta property=\"og:description\" content=\"Celoro\u010dn\u00fd vank\u00fa\u0161 a prikr\u00fdvka DOLOMITI s\u00fa vyroben\u00e9 zo 100% pr\u00edrodn\u00fdch materi\u00e1lov \u2013 bavlny a ov\u010dej vlny Merino, ktor\u00e1 je ide\u00e1lnym variantom pre pokojn\u00fd a zdrav\u00fd sp\u00e1nok. V\u010faka jej termoregula\u010dn\u00fdm a hydroskopick\u00fdm vlastnostiam zaru\u010duje pocit sucha a svie\u017eosti po\u010das oddychu po cel\u00fd rok - v zime, ale aj v lete. V zime dok\u00e1\u017ee telo pr\u00edjemne zahria\u0165 a v lete poskytne chladiv\u00fd pocit. Pri vy\u0161\u0161\u00edch teplot\u00e1ch v\u00fdborne odv\u00e1dza vlhkos\u0165 tvoren\u00fa telom, a v\u010faka \u0161peci\u00e1lnej \u0161trukt\u00fare vl\u00e1kien ju n\u00e1sledne odv\u00e1dza do vzduchu. Set DOLOMITI vytv\u00e1ra pri sp\u00e1nku such\u00e9 teplo, ktor\u00e9 p\u00f4sob\u00ed priaznivo aj pri reumatick\u00fdch \u0165a\u017ekostiach.   \u00a0     Jadro (materi\u00e1l)    Rozmer\" \/>\n<meta property=\"og:url\" content=\"https:\/\/www.dormisan.eu\/it\/eshop\/merino-set-dolomiti-prijemne-teplo\/\" \/>\n<meta property=\"og:site_name\" content=\"Dormisan\" \/>\n<meta property=\"article:modified_time\" content=\"2026-07-13T12:04:41+00:00\" \/>\n<meta property=\"og:image\" content=\"https:\/\/www.dormisan.eu\/wp-content\/uploads\/2021\/03\/set-catania-1.jpg\" \/>\n\t<meta property=\"og:image:width\" content=\"1200\" \/>\n\t<meta property=\"og:image:height\" content=\"800\" \/>\n\t<meta property=\"og:image:type\" content=\"image\/jpeg\" \/>\n<meta name=\"twitter:card\" content=\"summary_large_image\" \/>\n<meta name=\"twitter:label1\" content=\"Tempo di lettura stimato\" \/>\n\t<meta name=\"twitter:data1\" content=\"2 minuti\" \/>\n<script type=\"application\/ld+json\" class=\"yoast-schema-graph\">{\"@context\":\"https:\\\/\\\/schema.org\",\"@graph\":[{\"@type\":\"WebPage\",\"@id\":\"https:\\\/\\\/www.dormisan.eu\\\/eshop\\\/merino-set-dolomiti-prijemne-teplo\\\/\",\"url\":\"https:\\\/\\\/www.dormisan.eu\\\/eshop\\\/merino-set-dolomiti-prijemne-teplo\\\/\",\"name\":\"Merino set DOLOMITI - pr\u00edjemn\u00e9 teplo - Dormisan\",\"isPartOf\":{\"@id\":\"https:\\\/\\\/www.dormisan.eu\\\/#website\"},\"primaryImageOfPage\":{\"@id\":\"https:\\\/\\\/www.dormisan.eu\\\/eshop\\\/merino-set-dolomiti-prijemne-teplo\\\/#primaryimage\"},\"image\":{\"@id\":\"https:\\\/\\\/www.dormisan.eu\\\/eshop\\\/merino-set-dolomiti-prijemne-teplo\\\/#primaryimage\"},\"thumbnailUrl\":\"https:\\\/\\\/www.dormisan.eu\\\/wp-content\\\/uploads\\\/2021\\\/03\\\/set-catania-1.jpg\",\"datePublished\":\"2021-03-15T15:02:28+00:00\",\"dateModified\":\"2026-07-13T12:04:41+00:00\",\"breadcrumb\":{\"@id\":\"https:\\\/\\\/www.dormisan.eu\\\/eshop\\\/merino-set-dolomiti-prijemne-teplo\\\/#breadcrumb\"},\"inLanguage\":\"it-IT\",\"potentialAction\":[{\"@type\":\"ReadAction\",\"target\":[\"https:\\\/\\\/www.dormisan.eu\\\/eshop\\\/merino-set-dolomiti-prijemne-teplo\\\/\"]}]},{\"@type\":\"ImageObject\",\"inLanguage\":\"it-IT\",\"@id\":\"https:\\\/\\\/www.dormisan.eu\\\/eshop\\\/merino-set-dolomiti-prijemne-teplo\\\/#primaryimage\",\"url\":\"https:\\\/\\\/www.dormisan.eu\\\/wp-content\\\/uploads\\\/2021\\\/03\\\/set-catania-1.jpg\",\"contentUrl\":\"https:\\\/\\\/www.dormisan.eu\\\/wp-content\\\/uploads\\\/2021\\\/03\\\/set-catania-1.jpg\",\"width\":1200,\"height\":800},{\"@type\":\"BreadcrumbList\",\"@id\":\"https:\\\/\\\/www.dormisan.eu\\\/eshop\\\/merino-set-dolomiti-prijemne-teplo\\\/#breadcrumb\",\"itemListElement\":[{\"@type\":\"ListItem\",\"position\":1,\"name\":\"Home\",\"item\":\"https:\\\/\\\/www.dormisan.eu\\\/\"},{\"@type\":\"ListItem\",\"position\":2,\"name\":\"eShop\",\"item\":\"https:\\\/\\\/www.dormisan.eu\\\/eshop\\\/\"},{\"@type\":\"ListItem\",\"position\":3,\"name\":\"Merino set DOLOMITI &#8211; pr\u00edjemn\u00e9 teplo\"}]},{\"@type\":\"WebSite\",\"@id\":\"https:\\\/\\\/www.dormisan.eu\\\/#website\",\"url\":\"https:\\\/\\\/www.dormisan.eu\\\/\",\"name\":\"Dormisan\",\"description\":\"Matrace pre zdrav\u00fd sp\u00e1nok\",\"publisher\":{\"@id\":\"https:\\\/\\\/www.dormisan.eu\\\/#organization\"},\"potentialAction\":[{\"@type\":\"SearchAction\",\"target\":{\"@type\":\"EntryPoint\",\"urlTemplate\":\"https:\\\/\\\/www.dormisan.eu\\\/?s={search_term_string}\"},\"query-input\":{\"@type\":\"PropertyValueSpecification\",\"valueRequired\":true,\"valueName\":\"search_term_string\"}}],\"inLanguage\":\"it-IT\"},{\"@type\":\"Organization\",\"@id\":\"https:\\\/\\\/www.dormisan.eu\\\/#organization\",\"name\":\"Dormisan\",\"url\":\"https:\\\/\\\/www.dormisan.eu\\\/\",\"logo\":{\"@type\":\"ImageObject\",\"inLanguage\":\"it-IT\",\"@id\":\"https:\\\/\\\/www.dormisan.eu\\\/#\\\/schema\\\/logo\\\/image\\\/\",\"url\":\"https:\\\/\\\/www.dormisan.eu\\\/wp-content\\\/uploads\\\/2022\\\/05\\\/dormisan-matrace-logo_vectorized-2.png\",\"contentUrl\":\"https:\\\/\\\/www.dormisan.eu\\\/wp-content\\\/uploads\\\/2022\\\/05\\\/dormisan-matrace-logo_vectorized-2.png\",\"width\":249,\"height\":69,\"caption\":\"Dormisan\"},\"image\":{\"@id\":\"https:\\\/\\\/www.dormisan.eu\\\/#\\\/schema\\\/logo\\\/image\\\/\"}}]}<\/script>\n<!-- \/ Yoast SEO plugin. -->","yoast_head_json":{"title":"Merino set DOLOMITI - pr\u00edjemn\u00e9 teplo - Dormisan","robots":{"index":"index","follow":"follow","max-snippet":"max-snippet:-1","max-image-preview":"max-image-preview:large","max-video-preview":"max-video-preview:-1"},"canonical":"https:\/\/www.dormisan.eu\/it\/eshop\/merino-set-dolomiti-prijemne-teplo\/","og_locale":"it_IT","og_type":"article","og_title":"Merino set DOLOMITI - pr\u00edjemn\u00e9 teplo - Dormisan","og_description":"Celoro\u010dn\u00fd vank\u00fa\u0161 a prikr\u00fdvka DOLOMITI s\u00fa vyroben\u00e9 zo 100% pr\u00edrodn\u00fdch materi\u00e1lov \u2013 bavlny a ov\u010dej vlny Merino, ktor\u00e1 je ide\u00e1lnym variantom pre pokojn\u00fd a zdrav\u00fd sp\u00e1nok. V\u010faka jej termoregula\u010dn\u00fdm a hydroskopick\u00fdm vlastnostiam zaru\u010duje pocit sucha a svie\u017eosti po\u010das oddychu po cel\u00fd rok - v zime, ale aj v lete. V zime dok\u00e1\u017ee telo pr\u00edjemne zahria\u0165 a v lete poskytne chladiv\u00fd pocit. Pri vy\u0161\u0161\u00edch teplot\u00e1ch v\u00fdborne odv\u00e1dza vlhkos\u0165 tvoren\u00fa telom, a v\u010faka \u0161peci\u00e1lnej \u0161trukt\u00fare vl\u00e1kien ju n\u00e1sledne odv\u00e1dza do vzduchu. Set DOLOMITI vytv\u00e1ra pri sp\u00e1nku such\u00e9 teplo, ktor\u00e9 p\u00f4sob\u00ed priaznivo aj pri reumatick\u00fdch \u0165a\u017ekostiach.   \u00a0     Jadro (materi\u00e1l)    Rozmer","og_url":"https:\/\/www.dormisan.eu\/it\/eshop\/merino-set-dolomiti-prijemne-teplo\/","og_site_name":"Dormisan","article_modified_time":"2026-07-13T12:04:41+00:00","og_image":[{"width":1200,"height":800,"url":"https:\/\/www.dormisan.eu\/wp-content\/uploads\/2021\/03\/set-catania-1.jpg","type":"image\/jpeg"}],"twitter_card":"summary_large_image","twitter_misc":{"Tempo di lettura stimato":"2 minuti"},"schema":{"@context":"https:\/\/schema.org","@graph":[{"@type":"WebPage","@id":"https:\/\/www.dormisan.eu\/eshop\/merino-set-dolomiti-prijemne-teplo\/","url":"https:\/\/www.dormisan.eu\/eshop\/merino-set-dolomiti-prijemne-teplo\/","name":"Merino set DOLOMITI - pr\u00edjemn\u00e9 teplo - Dormisan","isPartOf":{"@id":"https:\/\/www.dormisan.eu\/#website"},"primaryImageOfPage":{"@id":"https:\/\/www.dormisan.eu\/eshop\/merino-set-dolomiti-prijemne-teplo\/#primaryimage"},"image":{"@id":"https:\/\/www.dormisan.eu\/eshop\/merino-set-dolomiti-prijemne-teplo\/#primaryimage"},"thumbnailUrl":"https:\/\/www.dormisan.eu\/wp-content\/uploads\/2021\/03\/set-catania-1.jpg","datePublished":"2021-03-15T15:02:28+00:00","dateModified":"2026-07-13T12:04:41+00:00","breadcrumb":{"@id":"https:\/\/www.dormisan.eu\/eshop\/merino-set-dolomiti-prijemne-teplo\/#breadcrumb"},"inLanguage":"it-IT","potentialAction":[{"@type":"ReadAction","target":["https:\/\/www.dormisan.eu\/eshop\/merino-set-dolomiti-prijemne-teplo\/"]}]},{"@type":"ImageObject","inLanguage":"it-IT","@id":"https:\/\/www.dormisan.eu\/eshop\/merino-set-dolomiti-prijemne-teplo\/#primaryimage","url":"https:\/\/www.dormisan.eu\/wp-content\/uploads\/2021\/03\/set-catania-1.jpg","contentUrl":"https:\/\/www.dormisan.eu\/wp-content\/uploads\/2021\/03\/set-catania-1.jpg","width":1200,"height":800},{"@type":"BreadcrumbList","@id":"https:\/\/www.dormisan.eu\/eshop\/merino-set-dolomiti-prijemne-teplo\/#breadcrumb","itemListElement":[{"@type":"ListItem","position":1,"name":"Home","item":"https:\/\/www.dormisan.eu\/"},{"@type":"ListItem","position":2,"name":"eShop","item":"https:\/\/www.dormisan.eu\/eshop\/"},{"@type":"ListItem","position":3,"name":"Merino set DOLOMITI &#8211; pr\u00edjemn\u00e9 teplo"}]},{"@type":"WebSite","@id":"https:\/\/www.dormisan.eu\/#website","url":"https:\/\/www.dormisan.eu\/","name":"Dormisan","description":"Matrace pre zdrav\u00fd sp\u00e1nok","publisher":{"@id":"https:\/\/www.dormisan.eu\/#organization"},"potentialAction":[{"@type":"SearchAction","target":{"@type":"EntryPoint","urlTemplate":"https:\/\/www.dormisan.eu\/?s={search_term_string}"},"query-input":{"@type":"PropertyValueSpecification","valueRequired":true,"valueName":"search_term_string"}}],"inLanguage":"it-IT"},{"@type":"Organization","@id":"https:\/\/www.dormisan.eu\/#organization","name":"Dormisan","url":"https:\/\/www.dormisan.eu\/","logo":{"@type":"ImageObject","inLanguage":"it-IT","@id":"https:\/\/www.dormisan.eu\/#\/schema\/logo\/image\/","url":"https:\/\/www.dormisan.eu\/wp-content\/uploads\/2022\/05\/dormisan-matrace-logo_vectorized-2.png","contentUrl":"https:\/\/www.dormisan.eu\/wp-content\/uploads\/2022\/05\/dormisan-matrace-logo_vectorized-2.png","width":249,"height":69,"caption":"Dormisan"},"image":{"@id":"https:\/\/www.dormisan.eu\/#\/schema\/logo\/image\/"}}]}},"_links":{"self":[{"href":"https:\/\/www.dormisan.eu\/it\/wp-json\/wp\/v2\/product\/99","targetHints":{"allow":["GET"]}}],"collection":[{"href":"https:\/\/www.dormisan.eu\/it\/wp-json\/wp\/v2\/product"}],"about":[{"href":"https:\/\/www.dormisan.eu\/it\/wp-json\/wp\/v2\/types\/product"}],"wp:featuredmedia":[{"embeddable":true,"href":"https:\/\/www.dormisan.eu\/it\/wp-json\/wp\/v2\/media\/12090"}],"wp:attachment":[{"href":"https:\/\/www.dormisan.eu\/it\/wp-json\/wp\/v2\/media?parent=99"}],"wp:term":[{"taxonomy":"product_brand","embeddable":true,"href":"https:\/\/www.dormisan.eu\/it\/wp-json\/wp\/v2\/product_brand?post=99"},{"taxonomy":"product_cat","embeddable":true,"href":"https:\/\/www.dormisan.eu\/it\/wp-json\/wp\/v2\/product_cat?post=99"},{"taxonomy":"product_tag","embeddable":true,"href":"https:\/\/www.dormisan.eu\/it\/wp-json\/wp\/v2\/product_tag?post=99"}],"curies":[{"name":"wp","href":"https:\/\/api.w.org\/{rel}","templated":true}]}}