{"id":84,"date":"2021-03-15T15:01:55","date_gmt":"2021-03-15T15:01:55","guid":{"rendered":"https:\/\/dormisan.eu\/?post_type=product&#038;p=84"},"modified":"2025-06-10T11:00:57","modified_gmt":"2025-06-10T11:00:57","slug":"luxusny-vankus-verona-aura-spokojny-spanok","status":"publish","type":"product","link":"https:\/\/www.dormisan.eu\/it\/eshop\/luxusny-vankus-verona-aura-spokojny-spanok\/","title":{"rendered":"Luxusn\u00fd vank\u00fa\u0161 VERONA AURA &#8211; spokojn\u00fd sp\u00e1nok"},"content":{"rendered":"<p>Luxusn\u00fd anatomick\u00fd vank\u00fa\u0161 VERONA je z pam\u00e4\u0165ovej peny Sonnocell\u00ae Visco Memory, ktor\u00e1 sa v\u010faka optimaliz\u00e1cii tuhosti pod\u013ea absorbovan\u00e9ho telesn\u00e9ho tepla dokonale prisp\u00f4sob\u00ed tvaru tela. Jeho \u0161pecifick\u00fd tvar docieli dokonal\u00e9 uvo\u013enenie kr\u010dn\u00e9ho svalstva. Vank\u00fa\u0161 je ur\u010den\u00fd pre sp\u00e1nok na chrbte a na boku. Odn\u00edmate\u013en\u00fd po\u0165ah\u00a0AURA je antialergick\u00fd a\u00a0je mo\u017en\u00e9 ho pra\u0165.<br \/>\nV\u0161etky pou\u017eit\u00e9 materi\u00e1ly maj\u00fa certifik\u00e1t OEKO-TEX\u00ae.<\/p>","protected":false},"excerpt":{"rendered":"<div class=\"page\" title=\"Page 37\">\n<div class=\"section\">\n<div class=\"layoutArea\">\n<div class=\"column\">\n<p>Luxusn\u00fd anatomick\u00fd vank\u00fa\u0161 VERONA je z pam\u00e4\u0165ovej peny Sonnocell\u00ae Visco Memory, ktor\u00e1 sa v\u010faka optimaliz\u00e1cii tuhosti pod\u013ea absorbovan\u00e9ho telesn\u00e9ho tepla dokonale prisp\u00f4sob\u00ed tvaru tela. Jeho \u0161pecifick\u00fd tvar docieli dokonal\u00e9 uvo\u013enenie kr\u010dn\u00e9ho svalstva. Vank\u00fa\u0161 je ur\u010den\u00fd pre sp\u00e1nok na chrbte a na boku. Odn\u00edmate\u013en\u00fd po\u0165ah\u00a0AURA je antialergick\u00fd a\u00a0je mo\u017en\u00e9 ho pra\u0165.<br \/>\nV\u0161etky pou\u017eit\u00e9 materi\u00e1ly maj\u00fa certifik\u00e1t OEKO-TEX\u00ae.<\/p>\n<\/div>\n<\/div>\n<\/div>\n<\/div>\n<p><img decoding=\"async\" class=\"alignnone size-thumbnail wp-image-4769\" src=\"https:\/\/www.dormisan.eu\/wp-content\/uploads\/2019\/11\/MATERASSOUP.svg\" alt=\"\" width=\"50\" height=\"50\" \/>\u00a0<img decoding=\"async\" class=\"size-thumbnail wp-image-4775\" src=\"https:\/\/www.dormisan.eu\/wp-content\/uploads\/2019\/11\/MEMORY-1.svg\" alt=\"\" width=\"50\" height=\"50\" \/> <img decoding=\"async\" class=\"size-thumbnail wp-image-4784\" src=\"https:\/\/www.dormisan.eu\/wp-content\/uploads\/2019\/11\/SFODERABILE-1.svg\" alt=\"\" width=\"50\" height=\"50\" \/> <img decoding=\"async\" class=\"size-thumbnail wp-image-4766\" src=\"https:\/\/www.dormisan.eu\/wp-content\/uploads\/2019\/11\/LAVABILE.svg\" alt=\"\" width=\"50\" height=\"50\" \/> <img decoding=\"async\" class=\"alignnone size-thumbnail wp-image-6529\" src=\"https:\/\/www.dormisan.eu\/wp-content\/uploads\/2019\/11\/Dormisan_pikt_antialergicky.svg\" alt=\"\" width=\"50\" height=\"50\" \/><\/p>\n<div class=\"table-2\">\n<table width=\"100%\">\n<tbody>\n<tr>\n<td align=\"left\">Jadro (materi\u00e1l)<\/td>\n<td align=\"left\">[acf field=\"8\"]<\/td>\n<\/tr>\n<tr>\n<td align=\"left\">Rozmer<\/td>\n<td align=\"left\">[acf field=\"10\"]<\/td>\n<\/tr>\n<tr>\n<td align=\"left\">V\u00fd\u0161ka<\/td>\n<td align=\"left\">[acf field=\"4\"]<\/td>\n<\/tr>\n<\/tbody>\n<\/table>\n<\/div>\n","protected":false},"featured_media":123,"template":"","meta":{"_acf_changed":false,"_relevanssi_hide_post":"","_relevanssi_hide_content":"","_relevanssi_pin_for_all":"","_relevanssi_pin_keywords":"","_relevanssi_unpin_keywords":"","_relevanssi_related_keywords":"","_relevanssi_related_include_ids":"","_relevanssi_related_exclude_ids":"","_relevanssi_related_no_append":"","_relevanssi_related_not_related":"","_relevanssi_related_posts":"","_relevanssi_noindex_reason":""},"product_brand":[],"product_cat":[21],"product_tag":[],"class_list":["post-84","product","type-product","status-publish","has-post-thumbnail","product_cat-vankus","first","instock","taxable","shipping-taxable","purchasable","product-type-simple"],"acf":[],"yoast_head":"<!-- This site is optimized with the Yoast SEO plugin v28.3 - https:\/\/yoast.com\/product\/yoast-seo-wordpress\/ -->\n<title>Luxusn\u00fd vank\u00fa\u0161 VERONA AURA - spokojn\u00fd sp\u00e1nok - Dormisan<\/title>\n<meta name=\"robots\" content=\"index, follow, max-snippet:-1, max-image-preview:large, max-video-preview:-1\" \/>\n<link rel=\"canonical\" href=\"https:\/\/www.dormisan.eu\/it\/eshop\/luxusny-vankus-verona-aura-spokojny-spanok\/\" \/>\n<meta property=\"og:locale\" content=\"it_IT\" \/>\n<meta property=\"og:type\" content=\"article\" \/>\n<meta property=\"og:title\" content=\"Luxusn\u00fd vank\u00fa\u0161 VERONA AURA - spokojn\u00fd sp\u00e1nok - Dormisan\" \/>\n<meta property=\"og:description\" content=\"Luxusn\u00fd anatomick\u00fd vank\u00fa\u0161 VERONA je z pam\u00e4\u0165ovej peny Sonnocell\u00ae Visco Memory, ktor\u00e1 sa v\u010faka optimaliz\u00e1cii tuhosti pod\u013ea absorbovan\u00e9ho telesn\u00e9ho tepla dokonale prisp\u00f4sob\u00ed tvaru tela. Jeho \u0161pecifick\u00fd tvar docieli dokonal\u00e9 uvo\u013enenie kr\u010dn\u00e9ho svalstva. Vank\u00fa\u0161 je ur\u010den\u00fd pre sp\u00e1nok na chrbte a na boku. Odn\u00edmate\u013en\u00fd po\u0165ah\u00a0AURA je antialergick\u00fd a\u00a0je mo\u017en\u00e9 ho pra\u0165. V\u0161etky pou\u017eit\u00e9 materi\u00e1ly maj\u00fa certifik\u00e1t OEKO-TEX\u00ae.      \u00a0       Jadro (materi\u00e1l)    Rozmer    V\u00fd\u0161ka\" \/>\n<meta property=\"og:url\" content=\"https:\/\/www.dormisan.eu\/it\/eshop\/luxusny-vankus-verona-aura-spokojny-spanok\/\" \/>\n<meta property=\"og:site_name\" content=\"Dormisan\" \/>\n<meta property=\"article:modified_time\" content=\"2025-06-10T11:00:57+00:00\" \/>\n<meta property=\"og:image\" content=\"https:\/\/www.dormisan.eu\/wp-content\/uploads\/2021\/03\/vankus-dormisan-VERONA-AURAFRESH-1.jpg\" \/>\n\t<meta property=\"og:image:width\" content=\"1200\" \/>\n\t<meta property=\"og:image:height\" content=\"801\" \/>\n\t<meta property=\"og:image:type\" content=\"image\/jpeg\" \/>\n<meta name=\"twitter:card\" content=\"summary_large_image\" \/>\n<meta name=\"twitter:label1\" content=\"Tempo di lettura stimato\" \/>\n\t<meta name=\"twitter:data1\" content=\"1 minuto\" \/>\n<script type=\"application\/ld+json\" class=\"yoast-schema-graph\">{\"@context\":\"https:\\\/\\\/schema.org\",\"@graph\":[{\"@type\":\"WebPage\",\"@id\":\"https:\\\/\\\/www.dormisan.eu\\\/eshop\\\/luxusny-vankus-verona-aura-spokojny-spanok\\\/\",\"url\":\"https:\\\/\\\/www.dormisan.eu\\\/eshop\\\/luxusny-vankus-verona-aura-spokojny-spanok\\\/\",\"name\":\"Luxusn\u00fd vank\u00fa\u0161 VERONA AURA - spokojn\u00fd sp\u00e1nok - Dormisan\",\"isPartOf\":{\"@id\":\"https:\\\/\\\/www.dormisan.eu\\\/#website\"},\"primaryImageOfPage\":{\"@id\":\"https:\\\/\\\/www.dormisan.eu\\\/eshop\\\/luxusny-vankus-verona-aura-spokojny-spanok\\\/#primaryimage\"},\"image\":{\"@id\":\"https:\\\/\\\/www.dormisan.eu\\\/eshop\\\/luxusny-vankus-verona-aura-spokojny-spanok\\\/#primaryimage\"},\"thumbnailUrl\":\"https:\\\/\\\/www.dormisan.eu\\\/wp-content\\\/uploads\\\/2021\\\/03\\\/vankus-dormisan-VERONA-AURAFRESH-1.jpg\",\"datePublished\":\"2021-03-15T15:01:55+00:00\",\"dateModified\":\"2025-06-10T11:00:57+00:00\",\"breadcrumb\":{\"@id\":\"https:\\\/\\\/www.dormisan.eu\\\/eshop\\\/luxusny-vankus-verona-aura-spokojny-spanok\\\/#breadcrumb\"},\"inLanguage\":\"it-IT\",\"potentialAction\":[{\"@type\":\"ReadAction\",\"target\":[\"https:\\\/\\\/www.dormisan.eu\\\/eshop\\\/luxusny-vankus-verona-aura-spokojny-spanok\\\/\"]}]},{\"@type\":\"ImageObject\",\"inLanguage\":\"it-IT\",\"@id\":\"https:\\\/\\\/www.dormisan.eu\\\/eshop\\\/luxusny-vankus-verona-aura-spokojny-spanok\\\/#primaryimage\",\"url\":\"https:\\\/\\\/www.dormisan.eu\\\/wp-content\\\/uploads\\\/2021\\\/03\\\/vankus-dormisan-VERONA-AURAFRESH-1.jpg\",\"contentUrl\":\"https:\\\/\\\/www.dormisan.eu\\\/wp-content\\\/uploads\\\/2021\\\/03\\\/vankus-dormisan-VERONA-AURAFRESH-1.jpg\",\"width\":1200,\"height\":801},{\"@type\":\"BreadcrumbList\",\"@id\":\"https:\\\/\\\/www.dormisan.eu\\\/eshop\\\/luxusny-vankus-verona-aura-spokojny-spanok\\\/#breadcrumb\",\"itemListElement\":[{\"@type\":\"ListItem\",\"position\":1,\"name\":\"Home\",\"item\":\"https:\\\/\\\/www.dormisan.eu\\\/\"},{\"@type\":\"ListItem\",\"position\":2,\"name\":\"eShop\",\"item\":\"https:\\\/\\\/www.dormisan.eu\\\/eshop\\\/\"},{\"@type\":\"ListItem\",\"position\":3,\"name\":\"Luxusn\u00fd vank\u00fa\u0161 VERONA AURA &#8211; spokojn\u00fd sp\u00e1nok\"}]},{\"@type\":\"WebSite\",\"@id\":\"https:\\\/\\\/www.dormisan.eu\\\/#website\",\"url\":\"https:\\\/\\\/www.dormisan.eu\\\/\",\"name\":\"Dormisan\",\"description\":\"Matrace pre zdrav\u00fd sp\u00e1nok\",\"publisher\":{\"@id\":\"https:\\\/\\\/www.dormisan.eu\\\/#organization\"},\"potentialAction\":[{\"@type\":\"SearchAction\",\"target\":{\"@type\":\"EntryPoint\",\"urlTemplate\":\"https:\\\/\\\/www.dormisan.eu\\\/?s={search_term_string}\"},\"query-input\":{\"@type\":\"PropertyValueSpecification\",\"valueRequired\":true,\"valueName\":\"search_term_string\"}}],\"inLanguage\":\"it-IT\"},{\"@type\":\"Organization\",\"@id\":\"https:\\\/\\\/www.dormisan.eu\\\/#organization\",\"name\":\"Dormisan\",\"url\":\"https:\\\/\\\/www.dormisan.eu\\\/\",\"logo\":{\"@type\":\"ImageObject\",\"inLanguage\":\"it-IT\",\"@id\":\"https:\\\/\\\/www.dormisan.eu\\\/#\\\/schema\\\/logo\\\/image\\\/\",\"url\":\"https:\\\/\\\/www.dormisan.eu\\\/wp-content\\\/uploads\\\/2022\\\/05\\\/dormisan-matrace-logo_vectorized-2.png\",\"contentUrl\":\"https:\\\/\\\/www.dormisan.eu\\\/wp-content\\\/uploads\\\/2022\\\/05\\\/dormisan-matrace-logo_vectorized-2.png\",\"width\":249,\"height\":69,\"caption\":\"Dormisan\"},\"image\":{\"@id\":\"https:\\\/\\\/www.dormisan.eu\\\/#\\\/schema\\\/logo\\\/image\\\/\"}}]}<\/script>\n<!-- \/ Yoast SEO plugin. -->","yoast_head_json":{"title":"Luxusn\u00fd vank\u00fa\u0161 VERONA AURA - spokojn\u00fd sp\u00e1nok - Dormisan","robots":{"index":"index","follow":"follow","max-snippet":"max-snippet:-1","max-image-preview":"max-image-preview:large","max-video-preview":"max-video-preview:-1"},"canonical":"https:\/\/www.dormisan.eu\/it\/eshop\/luxusny-vankus-verona-aura-spokojny-spanok\/","og_locale":"it_IT","og_type":"article","og_title":"Luxusn\u00fd vank\u00fa\u0161 VERONA AURA - spokojn\u00fd sp\u00e1nok - Dormisan","og_description":"Luxusn\u00fd anatomick\u00fd vank\u00fa\u0161 VERONA je z pam\u00e4\u0165ovej peny Sonnocell\u00ae Visco Memory, ktor\u00e1 sa v\u010faka optimaliz\u00e1cii tuhosti pod\u013ea absorbovan\u00e9ho telesn\u00e9ho tepla dokonale prisp\u00f4sob\u00ed tvaru tela. Jeho \u0161pecifick\u00fd tvar docieli dokonal\u00e9 uvo\u013enenie kr\u010dn\u00e9ho svalstva. Vank\u00fa\u0161 je ur\u010den\u00fd pre sp\u00e1nok na chrbte a na boku. Odn\u00edmate\u013en\u00fd po\u0165ah\u00a0AURA je antialergick\u00fd a\u00a0je mo\u017en\u00e9 ho pra\u0165. V\u0161etky pou\u017eit\u00e9 materi\u00e1ly maj\u00fa certifik\u00e1t OEKO-TEX\u00ae.      \u00a0       Jadro (materi\u00e1l)    Rozmer    V\u00fd\u0161ka","og_url":"https:\/\/www.dormisan.eu\/it\/eshop\/luxusny-vankus-verona-aura-spokojny-spanok\/","og_site_name":"Dormisan","article_modified_time":"2025-06-10T11:00:57+00:00","og_image":[{"width":1200,"height":801,"url":"https:\/\/www.dormisan.eu\/wp-content\/uploads\/2021\/03\/vankus-dormisan-VERONA-AURAFRESH-1.jpg","type":"image\/jpeg"}],"twitter_card":"summary_large_image","twitter_misc":{"Tempo di lettura stimato":"1 minuto"},"schema":{"@context":"https:\/\/schema.org","@graph":[{"@type":"WebPage","@id":"https:\/\/www.dormisan.eu\/eshop\/luxusny-vankus-verona-aura-spokojny-spanok\/","url":"https:\/\/www.dormisan.eu\/eshop\/luxusny-vankus-verona-aura-spokojny-spanok\/","name":"Luxusn\u00fd vank\u00fa\u0161 VERONA AURA - spokojn\u00fd sp\u00e1nok - Dormisan","isPartOf":{"@id":"https:\/\/www.dormisan.eu\/#website"},"primaryImageOfPage":{"@id":"https:\/\/www.dormisan.eu\/eshop\/luxusny-vankus-verona-aura-spokojny-spanok\/#primaryimage"},"image":{"@id":"https:\/\/www.dormisan.eu\/eshop\/luxusny-vankus-verona-aura-spokojny-spanok\/#primaryimage"},"thumbnailUrl":"https:\/\/www.dormisan.eu\/wp-content\/uploads\/2021\/03\/vankus-dormisan-VERONA-AURAFRESH-1.jpg","datePublished":"2021-03-15T15:01:55+00:00","dateModified":"2025-06-10T11:00:57+00:00","breadcrumb":{"@id":"https:\/\/www.dormisan.eu\/eshop\/luxusny-vankus-verona-aura-spokojny-spanok\/#breadcrumb"},"inLanguage":"it-IT","potentialAction":[{"@type":"ReadAction","target":["https:\/\/www.dormisan.eu\/eshop\/luxusny-vankus-verona-aura-spokojny-spanok\/"]}]},{"@type":"ImageObject","inLanguage":"it-IT","@id":"https:\/\/www.dormisan.eu\/eshop\/luxusny-vankus-verona-aura-spokojny-spanok\/#primaryimage","url":"https:\/\/www.dormisan.eu\/wp-content\/uploads\/2021\/03\/vankus-dormisan-VERONA-AURAFRESH-1.jpg","contentUrl":"https:\/\/www.dormisan.eu\/wp-content\/uploads\/2021\/03\/vankus-dormisan-VERONA-AURAFRESH-1.jpg","width":1200,"height":801},{"@type":"BreadcrumbList","@id":"https:\/\/www.dormisan.eu\/eshop\/luxusny-vankus-verona-aura-spokojny-spanok\/#breadcrumb","itemListElement":[{"@type":"ListItem","position":1,"name":"Home","item":"https:\/\/www.dormisan.eu\/"},{"@type":"ListItem","position":2,"name":"eShop","item":"https:\/\/www.dormisan.eu\/eshop\/"},{"@type":"ListItem","position":3,"name":"Luxusn\u00fd vank\u00fa\u0161 VERONA AURA &#8211; spokojn\u00fd sp\u00e1nok"}]},{"@type":"WebSite","@id":"https:\/\/www.dormisan.eu\/#website","url":"https:\/\/www.dormisan.eu\/","name":"Dormisan","description":"Matrace pre zdrav\u00fd sp\u00e1nok","publisher":{"@id":"https:\/\/www.dormisan.eu\/#organization"},"potentialAction":[{"@type":"SearchAction","target":{"@type":"EntryPoint","urlTemplate":"https:\/\/www.dormisan.eu\/?s={search_term_string}"},"query-input":{"@type":"PropertyValueSpecification","valueRequired":true,"valueName":"search_term_string"}}],"inLanguage":"it-IT"},{"@type":"Organization","@id":"https:\/\/www.dormisan.eu\/#organization","name":"Dormisan","url":"https:\/\/www.dormisan.eu\/","logo":{"@type":"ImageObject","inLanguage":"it-IT","@id":"https:\/\/www.dormisan.eu\/#\/schema\/logo\/image\/","url":"https:\/\/www.dormisan.eu\/wp-content\/uploads\/2022\/05\/dormisan-matrace-logo_vectorized-2.png","contentUrl":"https:\/\/www.dormisan.eu\/wp-content\/uploads\/2022\/05\/dormisan-matrace-logo_vectorized-2.png","width":249,"height":69,"caption":"Dormisan"},"image":{"@id":"https:\/\/www.dormisan.eu\/#\/schema\/logo\/image\/"}}]}},"_links":{"self":[{"href":"https:\/\/www.dormisan.eu\/it\/wp-json\/wp\/v2\/product\/84","targetHints":{"allow":["GET"]}}],"collection":[{"href":"https:\/\/www.dormisan.eu\/it\/wp-json\/wp\/v2\/product"}],"about":[{"href":"https:\/\/www.dormisan.eu\/it\/wp-json\/wp\/v2\/types\/product"}],"wp:featuredmedia":[{"embeddable":true,"href":"https:\/\/www.dormisan.eu\/it\/wp-json\/wp\/v2\/media\/123"}],"wp:attachment":[{"href":"https:\/\/www.dormisan.eu\/it\/wp-json\/wp\/v2\/media?parent=84"}],"wp:term":[{"taxonomy":"product_brand","embeddable":true,"href":"https:\/\/www.dormisan.eu\/it\/wp-json\/wp\/v2\/product_brand?post=84"},{"taxonomy":"product_cat","embeddable":true,"href":"https:\/\/www.dormisan.eu\/it\/wp-json\/wp\/v2\/product_cat?post=84"},{"taxonomy":"product_tag","embeddable":true,"href":"https:\/\/www.dormisan.eu\/it\/wp-json\/wp\/v2\/product_tag?post=84"}],"curies":[{"name":"wp","href":"https:\/\/api.w.org\/{rel}","templated":true}]}}