{"id":43,"date":"2021-03-15T15:00:57","date_gmt":"2021-03-15T15:00:57","guid":{"rendered":"https:\/\/dormisan.eu\/?post_type=product&#038;p=43"},"modified":"2026-05-04T08:41:07","modified_gmt":"2026-05-04T08:41:07","slug":"kvalitny-matrac-silver-memo-pre-dokonaly-oddych","status":"publish","type":"product","link":"https:\/\/www.dormisan.eu\/it\/eshop\/kvalitny-matrac-silver-memo-pre-dokonaly-oddych\/","title":{"rendered":"Kvalitn\u00fd matrac SILVER MEMO &#8211; pre dokonal\u00fd oddych"},"content":{"rendered":"<h1>Kvalitn\u00fd matrac SILVER MEMO \u2013 pre dokonal\u00fd oddych<\/h1>\n<p>Objednajte si kvalitn\u00fd matrac <a href=\"https:\/\/www.dormisan.eu\/it\/product\/kvalitny-matrac-silver-memo-pre-dokonaly-oddych\/\">SILVER MEMO<\/a> v na\u0161om <a href=\"http:\/\/www.dormisan.eu\/it\/\">e-shope<\/a> a preme\u0148te ka\u017ed\u00fa noc na zdrav\u00fd a pohodln\u00fd oddych! Tento obojstranne vyu\u017eite\u013en\u00fd matrac vyhovuje v\u0161etk\u00fdm vekov\u00fdm skupin\u00e1m, dokonale sa prisp\u00f4sob\u00ed v\u00e1\u0161mu telu a udr\u017euje chrbticu v prirodzenej polohe. Jadro z peny Sonnocell\u00ae spolu s po\u0165ahom SILVERPROTECT s i\u00f3nmi striebra zais\u0165uje hygienu a svie\u017eos\u0165.\u00a0Objavte na\u0161u ponuku matracov\u00a0a vyberte si kvalitn\u00fd matrac pre dokonal\u00fd sp\u00e1nok!<\/p>\n<h2>Pre\u010do zvoli\u0165 kvalitn\u00fd matrac SILVER MEMO?<\/h2>\n<p>Vyberte si kvalitn\u00fd matrac <a href=\"https:\/\/www.dormisan.eu\/it\/product\/kvalitny-matrac-silver-memo-pre-dokonaly-oddych\/\">SILVER MEMO<\/a> a za\u017eite v\u00fdnimo\u010dn\u00e9 pohodlie! Jadro zo \u0161peci\u00e1lne tvrdenej peny Sonnocell\u00ae s otvorenou bunkovou \u0161trukt\u00farou poskytuje vynikaj\u00facu priedu\u0161nos\u0165, \u010d\u00edm udr\u017euje matrac svie\u017ei. Prisp\u00f4sob\u00ed sa v\u00e1\u0161mu telu, uvo\u013en\u00ed svaly a zmierni tlak na chrbticu. Odvetr\u00e1vac\u00ed 3D lem zvy\u0161uje vzdu\u0161nos\u0165, zatia\u013e \u010do po\u0165ah s 2 cm vrstvou pam\u00e4\u0165ovej peny Sonnocell\u00ae Visco Memory kop\u00edruje krivky tela. <a href=\"https:\/\/www.cas.sk\/spravy\/zdravy-spanok-na-matracoch-dormisan?itm_modul=articles-rubric-list&amp;itm_brand=novycas&amp;itm_template=listing&amp;itm_area=list_pagination_1&amp;itm_position=2\">Zistite<\/a>, ako matrace podporuj\u00fa zdrav\u00fd a komfortn\u00fd sp\u00e1nok.<\/p>\n<h3>Kvalitn\u00fd matrac SILVER MEMO pre zdrav\u00fd a svie\u017ei sp\u00e1nok<\/h3>\n<p>U\u017eite si dokonal\u00fd oddych s kvalitn\u00fdm matracom <a href=\"https:\/\/www.dormisan.eu\/it\/product\/kvalitny-matrac-silver-memo-pre-dokonaly-oddych\/\">SILVER MEMO<\/a>! Jadro z peny Sonnocell\u00ae s otvorenou \u0161trukt\u00farou buniek zais\u0165uje optim\u00e1lnu ventil\u00e1ciu, \u010d\u00edm predch\u00e1dza vlhkosti a prehriatiu. Pam\u00e4\u0165ov\u00e1 pena Sonnocell\u00ae Visco Memory v po\u0165ahu sa prisp\u00f4sob\u00ed va\u0161ej polohe, uvo\u013en\u00ed svaly a podpor\u00ed chrbticu. Po\u0165ah SILVERPROTECT s i\u00f3nmi striebra blokuje bakt\u00e9rie, likviduje rozto\u010de a pon\u00faka antimikrobi\u00e1lnu ochranu, \u010do je ide\u00e1lne pre alergikov. 3D odvetr\u00e1vac\u00ed lem udr\u017euje matrac svie\u017ei aj po rokoch pou\u017e\u00edvania. Tento matrac prin\u00e1\u0161a zdravie a pohodlie pre ka\u017ed\u00e9ho. Vyberte si ten spr\u00e1vny matrac pre v\u00e1s\u00a0v na\u0161om <a href=\"http:\/\/www.dormisan.eu\/it\/\">e-shope<\/a>!<\/p>\n<h4>Tipy na \u00fadr\u017ebu matraca<\/h4>\n<p>Chr\u00e1\u0148te svoj matrac <a href=\"https:\/\/www.dormisan.eu\/it\/product\/kvalitny-matrac-silver-memo-pre-dokonaly-oddych\/\">SILVER MEMO<\/a> s na\u0161\u00edm\u00a0<a href=\"https:\/\/www.dormisan.eu\/it\/produkt\/doplnky\/\">chr\u00e1ni\u010dom na matrac<\/a>\u00a0alebo\u00a0<a href=\"https:\/\/www.dormisan.eu\/it\/produkt\/doplnky\/\">nepremokavou plachtou<\/a>, prate\u013enou a\u017e do 90\u00b0C. Tieto doplnky predl\u017euj\u00fa \u017eivotnos\u0165 matraca a zais\u0165uj\u00fa hygienu. Takto si viete pred\u013a\u017ei\u0165 \u017eivotnos\u0165 svojho matraca!<\/p>\n<h4>Objednajte si v e-shope Dormisan<\/h4>\n<p>K\u00fapte si kvalitn\u00fd matrac <a href=\"https:\/\/www.dormisan.eu\/it\/product\/kvalitny-matrac-silver-memo-pre-dokonaly-oddych\/\">SILVER MEMO<\/a> v na\u0161om <a href=\"http:\/\/www.dormisan.eu\/it\/\">e-shope<\/a>\u00a0a vychutnajte si dopravu zdarma! Pon\u00fakame \u0161tandardn\u00e9 aj\u00a0atypick\u00e9 rozmery na objedn\u00e1vku. Pre na\u0161\u00edch z\u00e1kazn\u00edkov odpor\u00fa\u010dame nav\u0161t\u00edvi\u0165 ktor\u00fako\u013evek na\u0161u predaj\u0148u, kde v\u00e1m poskytneme osobn\u00e9 poradenstvo, alebo n\u00e1s kontaktujte na na\u0161ej <a href=\"https:\/\/www.dormisan.eu\/it\/kontaktuj-nas\/\">kontaktnej str\u00e1nke<\/a>. Kliknite na \u201ePrida\u0165 do ko\u0161\u00edka\u201c a doprajte si dokonal\u00fd sp\u00e1nok e\u0161te dnes!<\/p>\n<p>&nbsp;<\/p>\n<div class=\"fusion-image-before-after-wrapper fusion-image-before-after-horizontal type-before-after hover-type-together fusion-image-before-after-wrapper-1\" style=\"--awb-font-size:13px;--awb-bordersize:0px;--awb-accent-color-bg:rgba(255,255,255,0.15);--awb-transition-time:0.5s;\"><div class=\"fusion-image-before-after-element fusion-image-before-after fusion-image-before-after-container fusion-image-before-after-1\" data-offset=\"0.5\" data-orientation=\"horizontal\" data-move-with-handle-only=\"true\" data-click-to-move=\"true\"><img decoding=\"async\" alt=\"detsk\u00fd matrac\" class=\"fusion-image-before-after-before\" src=\"https:\/\/www.dormisan.eu\/wp-content\/uploads\/2021\/03\/SILVER-MEMO.jpg\" width=\"1200\" height=\"800\"><img decoding=\"async\" class=\"fusion-image-before-after-after\" src=\"https:\/\/www.dormisan.eu\/wp-content\/uploads\/2021\/03\/SILVER-MEMO-JADRO-1.jpg\" width=\"1200\" height=\"800\"><div class=\"fusion-image-before-after-handle fusion-image-before-after-handle-default\"><span class=\"fusion-image-before-after-left-arrow\"><\/span><span class=\"fusion-image-before-after-right-arrow\"><\/span><\/div><\/div><\/div>","protected":false},"excerpt":{"rendered":"<div class=\"page\" title=\"Page 19\">\n<div class=\"section\">\n<div class=\"layoutArea\">\n<h3 class=\"column\">Kvalitn\u00fd matrac SILVER MEMO<\/h3>\n<\/div>\n<\/div>\n<\/div>\n<ul>\n<li>Jadro Sonnocell\u00ae: Zaru\u010duje priedu\u0161nos\u0165 a ortopedick\u00fa podporu.<\/li>\n<li>Pam\u00e4\u0165ov\u00e1 pena Visco Memory: Prisp\u00f4sobuje sa telu pre maxim\u00e1lne pohodlie.<\/li>\n<li>3D odvetr\u00e1vac\u00ed lem: Zvy\u0161uje cirkul\u00e1ciu vzduchu a svie\u017eos\u0165.<\/li>\n<li>Po\u0165ah SILVERPROTECT: Antibakteri\u00e1lna a antirozto\u010dov\u00e1 \u00faprava s i\u00f3nmi striebra.<\/li>\n<li>Obojstrann\u00e9 vyu\u017eitie: Vhodn\u00fd pre v\u0161etky vekov\u00e9 skupiny.<\/li>\n<li><a href=\"https:\/\/www.oeko-tex.com\/en\/our-standards\/oeko-tex-standard-100\">Certifik\u00e1t OEKO-TEX\u00ae<\/a><\/li>\n<li>Atypick\u00e9 rozmery: Na objedn\u00e1vku pre va\u0161e potreby.<\/li>\n<\/ul>\n<p>&nbsp;<\/p>\n<p><img decoding=\"async\" class=\"size-thumbnail wp-image-5156\" src=\"https:\/\/www.dormisan.eu\/wp-content\/uploads\/2019\/11\/tvrdost3_4.svg\" alt=\"\" width=\"50\" height=\"50\" \/> <img decoding=\"async\" class=\" size-thumbnail wp-image-4781\" src=\"https:\/\/www.dormisan.eu\/wp-content\/uploads\/2019\/11\/RIBALTABILE.svg\" alt=\"\" width=\"50\" height=\"50\" \/> <img decoding=\"async\" class=\" size-thumbnail wp-image-4662\" src=\"https:\/\/www.dormisan.eu\/wp-content\/uploads\/2019\/11\/20.svg\" alt=\"\" width=\"50\" height=\"50\" \/> <img decoding=\"async\" class=\" size-thumbnail wp-image-4709\" src=\"https:\/\/www.dormisan.eu\/wp-content\/uploads\/2019\/11\/130KG-1.svg\" alt=\"\" width=\"50\" height=\"50\" \/> <img decoding=\"async\" class=\" size-thumbnail wp-image-4674\" src=\"https:\/\/www.dormisan.eu\/wp-content\/uploads\/2019\/11\/SOONCELL.svg\" alt=\"\" width=\"50\" height=\"50\" \/> <img decoding=\"async\" class=\" size-thumbnail wp-image-4775\" src=\"https:\/\/www.dormisan.eu\/wp-content\/uploads\/2019\/11\/MEMORY-1.svg\" alt=\"\" width=\"50\" height=\"50\" \/> <img decoding=\"async\" class=\" size-thumbnail wp-image-4787\" src=\"https:\/\/www.dormisan.eu\/wp-content\/uploads\/2019\/11\/SILVER-MEMO.svg\" alt=\"\" width=\"50\" height=\"50\" \/> <img decoding=\"async\" class=\" size-thumbnail wp-image-4757\" src=\"https:\/\/www.dormisan.eu\/wp-content\/uploads\/2019\/11\/FODERABILE.svg\" alt=\"\" width=\"50\" height=\"50\" \/> \u00a0<img decoding=\"async\" class=\" size-thumbnail wp-image-4736\" src=\"https:\/\/www.dormisan.eu\/wp-content\/uploads\/2019\/11\/ANTIBATTERICO.svg\" alt=\"\" width=\"50\" height=\"50\" \/> <img decoding=\"async\" class=\" size-thumbnail wp-image-4733\" src=\"https:\/\/www.dormisan.eu\/wp-content\/uploads\/2019\/11\/ANTIACARO.svg\" alt=\"\" width=\"50\" height=\"50\" \/> <img decoding=\"async\" class=\"alignnone size-thumbnail wp-image-6482\" src=\"https:\/\/www.dormisan.eu\/wp-content\/uploads\/2021\/04\/Dormisan_pikt_polohovacie-rosty.svg\" alt=\"\" width=\"50\" height=\"50\" \/><img decoding=\"async\" class=\" size-thumbnail wp-image-4748\" src=\"https:\/\/www.dormisan.eu\/wp-content\/uploads\/2019\/11\/ARROTOLATO.svg\" alt=\"\" width=\"50\" height=\"50\" \/><\/p>\n<div class=\"table-2\">\n<table width=\"100%\">\n<tbody>\n<tr>\n<td align=\"left\">Vyu\u017eitie:<\/td>\n<td align=\"left\">[acf field=\"1\"]<\/td>\n<\/tr>\n<tr>\n<td align=\"left\">Jadro:<\/td>\n<td align=\"left\">[acf field=\"2\"]<\/td>\n<\/tr>\n<tr>\n<td align=\"left\">Stupe\u0148 tvrdosti:<\/td>\n<td align=\"left\">[acf field=\"3\"]<\/td>\n<\/tr>\n<tr>\n<td align=\"left\">V\u00fd\u0161ka matraca:<\/td>\n<td align=\"left\">[acf field=\"4\"]<\/td>\n<\/tr>\n<tr>\n<td align=\"left\">Ortopedick\u00e1 nosnos\u0165:<\/td>\n<td align=\"left\">[acf field=\"5\"]<\/td>\n<\/tr>\n<tr>\n<td align=\"left\">\u0160tandardn\u00e9 rozmery:<\/td>\n<td align=\"left\">[acf field=\"6\"]<\/td>\n<\/tr>\n<tr>\n<td align=\"left\">Balenie:<\/td>\n<td align=\"left\">[acf field=\"7\"]<\/td>\n<\/tr>\n<\/tbody>\n<\/table>\n<\/div>\n","protected":false},"featured_media":7459,"template":"","meta":{"_acf_changed":false,"_relevanssi_hide_post":"","_relevanssi_hide_content":"","_relevanssi_pin_for_all":"","_relevanssi_pin_keywords":"","_relevanssi_unpin_keywords":"","_relevanssi_related_keywords":"","_relevanssi_related_include_ids":"","_relevanssi_related_exclude_ids":"","_relevanssi_related_no_append":"","_relevanssi_related_not_related":"","_relevanssi_related_posts":"","_relevanssi_noindex_reason":""},"product_brand":[],"product_cat":[127,16],"product_tag":[],"class_list":["post-43","product","type-product","status-publish","has-post-thumbnail","product_cat-home","product_cat-matrace","first","instock","taxable","shipping-taxable","purchasable","product-type-variable","has-default-attributes"],"acf":[],"yoast_head":"<!-- This site is optimized with the Yoast SEO plugin v28.3 - https:\/\/yoast.com\/product\/yoast-seo-wordpress\/ -->\n<title>Kvalitn\u00fd matrac SILVER MEMO - pre dokonal\u00fd oddych - Dormisan<\/title>\n<meta name=\"description\" content=\"Vyberte si kvalitn\u00fd matrac SILVER MEMO a za\u017eite v\u00fdnimo\u010dn\u00e9 pohodlie! Jadro zo \u0161peci\u00e1lne tvrdenej peny s otvorenou bunkovou \u0161trukt\u00farou. Nav\u0161t\u00edvte n\u00e1\u0161 e-shop!\" \/>\n<meta name=\"robots\" content=\"index, follow, max-snippet:-1, max-image-preview:large, max-video-preview:-1\" \/>\n<link rel=\"canonical\" href=\"https:\/\/www.dormisan.eu\/it\/eshop\/kvalitny-matrac-silver-memo-pre-dokonaly-oddych\/\" \/>\n<meta property=\"og:locale\" content=\"it_IT\" \/>\n<meta property=\"og:type\" content=\"article\" \/>\n<meta property=\"og:title\" content=\"Kvalitn\u00fd matrac SILVER MEMO - pre dokonal\u00fd oddych - Dormisan\" \/>\n<meta property=\"og:description\" content=\"Vyberte si kvalitn\u00fd matrac SILVER MEMO a za\u017eite v\u00fdnimo\u010dn\u00e9 pohodlie! Jadro zo \u0161peci\u00e1lne tvrdenej peny s otvorenou bunkovou \u0161trukt\u00farou. Nav\u0161t\u00edvte n\u00e1\u0161 e-shop!\" \/>\n<meta property=\"og:url\" content=\"https:\/\/www.dormisan.eu\/it\/eshop\/kvalitny-matrac-silver-memo-pre-dokonaly-oddych\/\" \/>\n<meta property=\"og:site_name\" content=\"Dormisan\" \/>\n<meta property=\"article:modified_time\" content=\"2026-05-04T08:41:07+00:00\" \/>\n<meta property=\"og:image\" content=\"https:\/\/www.dormisan.eu\/wp-content\/uploads\/2021\/03\/matrac-dormisan-SILVER-MEMO-1.jpg\" \/>\n\t<meta property=\"og:image:width\" content=\"1600\" \/>\n\t<meta property=\"og:image:height\" content=\"1068\" \/>\n\t<meta property=\"og:image:type\" content=\"image\/jpeg\" \/>\n<meta name=\"twitter:card\" content=\"summary_large_image\" \/>\n<meta name=\"twitter:label1\" content=\"Tempo di lettura stimato\" \/>\n\t<meta name=\"twitter:data1\" content=\"3 minuti\" \/>\n<script type=\"application\/ld+json\" class=\"yoast-schema-graph\">{\"@context\":\"https:\\\/\\\/schema.org\",\"@graph\":[{\"@type\":\"WebPage\",\"@id\":\"https:\\\/\\\/www.dormisan.eu\\\/eshop\\\/kvalitny-matrac-silver-memo-pre-dokonaly-oddych\\\/\",\"url\":\"https:\\\/\\\/www.dormisan.eu\\\/eshop\\\/kvalitny-matrac-silver-memo-pre-dokonaly-oddych\\\/\",\"name\":\"Kvalitn\u00fd matrac SILVER MEMO - pre dokonal\u00fd oddych - Dormisan\",\"isPartOf\":{\"@id\":\"https:\\\/\\\/www.dormisan.eu\\\/#website\"},\"primaryImageOfPage\":{\"@id\":\"https:\\\/\\\/www.dormisan.eu\\\/eshop\\\/kvalitny-matrac-silver-memo-pre-dokonaly-oddych\\\/#primaryimage\"},\"image\":{\"@id\":\"https:\\\/\\\/www.dormisan.eu\\\/eshop\\\/kvalitny-matrac-silver-memo-pre-dokonaly-oddych\\\/#primaryimage\"},\"thumbnailUrl\":\"https:\\\/\\\/www.dormisan.eu\\\/wp-content\\\/uploads\\\/2021\\\/03\\\/matrac-dormisan-SILVER-MEMO-1.jpg\",\"datePublished\":\"2021-03-15T15:00:57+00:00\",\"dateModified\":\"2026-05-04T08:41:07+00:00\",\"description\":\"Vyberte si kvalitn\u00fd matrac SILVER MEMO a za\u017eite v\u00fdnimo\u010dn\u00e9 pohodlie! Jadro zo \u0161peci\u00e1lne tvrdenej peny s otvorenou bunkovou \u0161trukt\u00farou. Nav\u0161t\u00edvte n\u00e1\u0161 e-shop!\",\"breadcrumb\":{\"@id\":\"https:\\\/\\\/www.dormisan.eu\\\/eshop\\\/kvalitny-matrac-silver-memo-pre-dokonaly-oddych\\\/#breadcrumb\"},\"inLanguage\":\"it-IT\",\"potentialAction\":[{\"@type\":\"ReadAction\",\"target\":[\"https:\\\/\\\/www.dormisan.eu\\\/eshop\\\/kvalitny-matrac-silver-memo-pre-dokonaly-oddych\\\/\"]}]},{\"@type\":\"ImageObject\",\"inLanguage\":\"it-IT\",\"@id\":\"https:\\\/\\\/www.dormisan.eu\\\/eshop\\\/kvalitny-matrac-silver-memo-pre-dokonaly-oddych\\\/#primaryimage\",\"url\":\"https:\\\/\\\/www.dormisan.eu\\\/wp-content\\\/uploads\\\/2021\\\/03\\\/matrac-dormisan-SILVER-MEMO-1.jpg\",\"contentUrl\":\"https:\\\/\\\/www.dormisan.eu\\\/wp-content\\\/uploads\\\/2021\\\/03\\\/matrac-dormisan-SILVER-MEMO-1.jpg\",\"width\":1600,\"height\":1068},{\"@type\":\"BreadcrumbList\",\"@id\":\"https:\\\/\\\/www.dormisan.eu\\\/eshop\\\/kvalitny-matrac-silver-memo-pre-dokonaly-oddych\\\/#breadcrumb\",\"itemListElement\":[{\"@type\":\"ListItem\",\"position\":1,\"name\":\"Home\",\"item\":\"https:\\\/\\\/www.dormisan.eu\\\/\"},{\"@type\":\"ListItem\",\"position\":2,\"name\":\"eShop\",\"item\":\"https:\\\/\\\/www.dormisan.eu\\\/eshop\\\/\"},{\"@type\":\"ListItem\",\"position\":3,\"name\":\"Kvalitn\u00fd matrac SILVER MEMO &#8211; pre dokonal\u00fd oddych\"}]},{\"@type\":\"WebSite\",\"@id\":\"https:\\\/\\\/www.dormisan.eu\\\/#website\",\"url\":\"https:\\\/\\\/www.dormisan.eu\\\/\",\"name\":\"Dormisan\",\"description\":\"Matrace pre zdrav\u00fd sp\u00e1nok\",\"publisher\":{\"@id\":\"https:\\\/\\\/www.dormisan.eu\\\/#organization\"},\"potentialAction\":[{\"@type\":\"SearchAction\",\"target\":{\"@type\":\"EntryPoint\",\"urlTemplate\":\"https:\\\/\\\/www.dormisan.eu\\\/?s={search_term_string}\"},\"query-input\":{\"@type\":\"PropertyValueSpecification\",\"valueRequired\":true,\"valueName\":\"search_term_string\"}}],\"inLanguage\":\"it-IT\"},{\"@type\":\"Organization\",\"@id\":\"https:\\\/\\\/www.dormisan.eu\\\/#organization\",\"name\":\"Dormisan\",\"url\":\"https:\\\/\\\/www.dormisan.eu\\\/\",\"logo\":{\"@type\":\"ImageObject\",\"inLanguage\":\"it-IT\",\"@id\":\"https:\\\/\\\/www.dormisan.eu\\\/#\\\/schema\\\/logo\\\/image\\\/\",\"url\":\"https:\\\/\\\/www.dormisan.eu\\\/wp-content\\\/uploads\\\/2022\\\/05\\\/dormisan-matrace-logo_vectorized-2.png\",\"contentUrl\":\"https:\\\/\\\/www.dormisan.eu\\\/wp-content\\\/uploads\\\/2022\\\/05\\\/dormisan-matrace-logo_vectorized-2.png\",\"width\":249,\"height\":69,\"caption\":\"Dormisan\"},\"image\":{\"@id\":\"https:\\\/\\\/www.dormisan.eu\\\/#\\\/schema\\\/logo\\\/image\\\/\"}}]}<\/script>\n<!-- \/ Yoast SEO plugin. -->","yoast_head_json":{"title":"Kvalitn\u00fd matrac SILVER MEMO - pre dokonal\u00fd oddych - Dormisan","description":"Vyberte si kvalitn\u00fd matrac SILVER MEMO a za\u017eite v\u00fdnimo\u010dn\u00e9 pohodlie! Jadro zo \u0161peci\u00e1lne tvrdenej peny s otvorenou bunkovou \u0161trukt\u00farou. Nav\u0161t\u00edvte n\u00e1\u0161 e-shop!","robots":{"index":"index","follow":"follow","max-snippet":"max-snippet:-1","max-image-preview":"max-image-preview:large","max-video-preview":"max-video-preview:-1"},"canonical":"https:\/\/www.dormisan.eu\/it\/eshop\/kvalitny-matrac-silver-memo-pre-dokonaly-oddych\/","og_locale":"it_IT","og_type":"article","og_title":"Kvalitn\u00fd matrac SILVER MEMO - pre dokonal\u00fd oddych - Dormisan","og_description":"Vyberte si kvalitn\u00fd matrac SILVER MEMO a za\u017eite v\u00fdnimo\u010dn\u00e9 pohodlie! Jadro zo \u0161peci\u00e1lne tvrdenej peny s otvorenou bunkovou \u0161trukt\u00farou. Nav\u0161t\u00edvte n\u00e1\u0161 e-shop!","og_url":"https:\/\/www.dormisan.eu\/it\/eshop\/kvalitny-matrac-silver-memo-pre-dokonaly-oddych\/","og_site_name":"Dormisan","article_modified_time":"2026-05-04T08:41:07+00:00","og_image":[{"width":1600,"height":1068,"url":"https:\/\/www.dormisan.eu\/wp-content\/uploads\/2021\/03\/matrac-dormisan-SILVER-MEMO-1.jpg","type":"image\/jpeg"}],"twitter_card":"summary_large_image","twitter_misc":{"Tempo di lettura stimato":"3 minuti"},"schema":{"@context":"https:\/\/schema.org","@graph":[{"@type":"WebPage","@id":"https:\/\/www.dormisan.eu\/eshop\/kvalitny-matrac-silver-memo-pre-dokonaly-oddych\/","url":"https:\/\/www.dormisan.eu\/eshop\/kvalitny-matrac-silver-memo-pre-dokonaly-oddych\/","name":"Kvalitn\u00fd matrac SILVER MEMO - pre dokonal\u00fd oddych - Dormisan","isPartOf":{"@id":"https:\/\/www.dormisan.eu\/#website"},"primaryImageOfPage":{"@id":"https:\/\/www.dormisan.eu\/eshop\/kvalitny-matrac-silver-memo-pre-dokonaly-oddych\/#primaryimage"},"image":{"@id":"https:\/\/www.dormisan.eu\/eshop\/kvalitny-matrac-silver-memo-pre-dokonaly-oddych\/#primaryimage"},"thumbnailUrl":"https:\/\/www.dormisan.eu\/wp-content\/uploads\/2021\/03\/matrac-dormisan-SILVER-MEMO-1.jpg","datePublished":"2021-03-15T15:00:57+00:00","dateModified":"2026-05-04T08:41:07+00:00","description":"Vyberte si kvalitn\u00fd matrac SILVER MEMO a za\u017eite v\u00fdnimo\u010dn\u00e9 pohodlie! Jadro zo \u0161peci\u00e1lne tvrdenej peny s otvorenou bunkovou \u0161trukt\u00farou. Nav\u0161t\u00edvte n\u00e1\u0161 e-shop!","breadcrumb":{"@id":"https:\/\/www.dormisan.eu\/eshop\/kvalitny-matrac-silver-memo-pre-dokonaly-oddych\/#breadcrumb"},"inLanguage":"it-IT","potentialAction":[{"@type":"ReadAction","target":["https:\/\/www.dormisan.eu\/eshop\/kvalitny-matrac-silver-memo-pre-dokonaly-oddych\/"]}]},{"@type":"ImageObject","inLanguage":"it-IT","@id":"https:\/\/www.dormisan.eu\/eshop\/kvalitny-matrac-silver-memo-pre-dokonaly-oddych\/#primaryimage","url":"https:\/\/www.dormisan.eu\/wp-content\/uploads\/2021\/03\/matrac-dormisan-SILVER-MEMO-1.jpg","contentUrl":"https:\/\/www.dormisan.eu\/wp-content\/uploads\/2021\/03\/matrac-dormisan-SILVER-MEMO-1.jpg","width":1600,"height":1068},{"@type":"BreadcrumbList","@id":"https:\/\/www.dormisan.eu\/eshop\/kvalitny-matrac-silver-memo-pre-dokonaly-oddych\/#breadcrumb","itemListElement":[{"@type":"ListItem","position":1,"name":"Home","item":"https:\/\/www.dormisan.eu\/"},{"@type":"ListItem","position":2,"name":"eShop","item":"https:\/\/www.dormisan.eu\/eshop\/"},{"@type":"ListItem","position":3,"name":"Kvalitn\u00fd matrac SILVER MEMO &#8211; pre dokonal\u00fd oddych"}]},{"@type":"WebSite","@id":"https:\/\/www.dormisan.eu\/#website","url":"https:\/\/www.dormisan.eu\/","name":"Dormisan","description":"Matrace pre zdrav\u00fd sp\u00e1nok","publisher":{"@id":"https:\/\/www.dormisan.eu\/#organization"},"potentialAction":[{"@type":"SearchAction","target":{"@type":"EntryPoint","urlTemplate":"https:\/\/www.dormisan.eu\/?s={search_term_string}"},"query-input":{"@type":"PropertyValueSpecification","valueRequired":true,"valueName":"search_term_string"}}],"inLanguage":"it-IT"},{"@type":"Organization","@id":"https:\/\/www.dormisan.eu\/#organization","name":"Dormisan","url":"https:\/\/www.dormisan.eu\/","logo":{"@type":"ImageObject","inLanguage":"it-IT","@id":"https:\/\/www.dormisan.eu\/#\/schema\/logo\/image\/","url":"https:\/\/www.dormisan.eu\/wp-content\/uploads\/2022\/05\/dormisan-matrace-logo_vectorized-2.png","contentUrl":"https:\/\/www.dormisan.eu\/wp-content\/uploads\/2022\/05\/dormisan-matrace-logo_vectorized-2.png","width":249,"height":69,"caption":"Dormisan"},"image":{"@id":"https:\/\/www.dormisan.eu\/#\/schema\/logo\/image\/"}}]}},"_links":{"self":[{"href":"https:\/\/www.dormisan.eu\/it\/wp-json\/wp\/v2\/product\/43","targetHints":{"allow":["GET"]}}],"collection":[{"href":"https:\/\/www.dormisan.eu\/it\/wp-json\/wp\/v2\/product"}],"about":[{"href":"https:\/\/www.dormisan.eu\/it\/wp-json\/wp\/v2\/types\/product"}],"wp:featuredmedia":[{"embeddable":true,"href":"https:\/\/www.dormisan.eu\/it\/wp-json\/wp\/v2\/media\/7459"}],"wp:attachment":[{"href":"https:\/\/www.dormisan.eu\/it\/wp-json\/wp\/v2\/media?parent=43"}],"wp:term":[{"taxonomy":"product_brand","embeddable":true,"href":"https:\/\/www.dormisan.eu\/it\/wp-json\/wp\/v2\/product_brand?post=43"},{"taxonomy":"product_cat","embeddable":true,"href":"https:\/\/www.dormisan.eu\/it\/wp-json\/wp\/v2\/product_cat?post=43"},{"taxonomy":"product_tag","embeddable":true,"href":"https:\/\/www.dormisan.eu\/it\/wp-json\/wp\/v2\/product_tag?post=43"}],"curies":[{"name":"wp","href":"https:\/\/api.w.org\/{rel}","templated":true}]}}