{"id":36,"date":"2021-03-15T15:00:56","date_gmt":"2021-03-15T15:00:56","guid":{"rendered":"https:\/\/dormisan.eu\/?post_type=product&#038;p=36"},"modified":"2026-06-05T07:18:27","modified_gmt":"2026-06-05T07:18:27","slug":"vrchny-matrac-topper-maia-graphen","status":"publish","type":"product","link":"https:\/\/www.dormisan.eu\/it\/eshop\/vrchny-matrac-topper-maia-graphen\/","title":{"rendered":"Vrchn\u00fd matrac topper MAIA GRAPHEN"},"content":{"rendered":"","protected":false},"excerpt":{"rendered":"<div class=\"page\" title=\"Page 29\">\n<div class=\"section\">\n<div class=\"layoutArea\">\n<div class=\"column\">\n<p>Obojstranne vyu\u017eite\u013en\u00fd topper MAIA v\u010faka mikromas\u00e1\u017enej profil\u00e1cii povrchu z jednej strany zaist\u00ed ortopedick\u00fa mas\u00e1\u017e a prevzdu\u0161nenie. Druh\u00e1 strana je z pam\u00e4\u0165ovej peny Sonnocell\u00ae Visco Memory, ktor\u00e1 sa dokonale prisp\u00f4sob\u00ed tvaru tela. Topper je vhodn\u00fd aj ako terapeutick\u00e1 pom\u00f4cka. Po\u0165ah je mo\u017en\u00e9 pra\u0165, \u013eahko sa odzipsuje na 2 stran\u00e1ch. Uchytenie na matrac pomocou \u00fachytov na ka\u017edom rohu.<\/p>\n<p>V\u0161etky pou\u017eit\u00e9 materi\u00e1ly maj\u00fa certifik\u00e1t OEKO-TEX\u00ae.<\/p>\n<p>Uveden\u00e1 cena je za \u0161tandardn\u00e9 rozmery. Na objedn\u00e1vku aj atypick\u00e9 rozmery a tvary.<\/p>\n<\/div>\n<\/div>\n<\/div>\n<\/div>\n<p><img decoding=\"async\" class=\"size-large wp-image-4781\" src=\"https:\/\/www.dormisan.eu\/wp-content\/uploads\/2019\/11\/RIBALTABILE.svg\" alt=\"\" width=\"50\" height=\"50\" \/> <a href=\"https:\/\/www.dormisan.eu\/wp-content\/uploads\/2019\/11\/9cm.svg\"><img decoding=\"async\" class=\"size-thumbnail wp-image-5287\" src=\"https:\/\/www.dormisan.eu\/wp-content\/uploads\/2019\/11\/9cm.svg\" alt=\"\" width=\"50\" height=\"50\" \/><\/a>\u00a0<img decoding=\"async\" class=\"size-large wp-image-4793\" src=\"https:\/\/www.dormisan.eu\/wp-content\/uploads\/2019\/11\/SOONCELL-1.svg\" alt=\"\" width=\"50\" height=\"50\" \/> <img decoding=\"async\" class=\"size-large wp-image-4775\" src=\"https:\/\/www.dormisan.eu\/wp-content\/uploads\/2019\/11\/MEMORY-1.svg\" alt=\"\" width=\"50\" height=\"50\" \/> <img decoding=\"async\" class=\"size-large wp-image-4784\" src=\"https:\/\/www.dormisan.eu\/wp-content\/uploads\/2019\/11\/SFODERABILE-1.svg\" alt=\"\" width=\"50\" height=\"50\" \/> <img decoding=\"async\" class=\"alignnone size-thumbnail wp-image-4766\" src=\"https:\/\/www.dormisan.eu\/wp-content\/uploads\/2019\/11\/LAVABILE.svg\" alt=\"\" width=\"50\" height=\"50\" \/>\u00a0<img decoding=\"async\" class=\"alignnone size-thumbnail wp-image-6529\" src=\"https:\/\/www.dormisan.eu\/wp-content\/uploads\/2019\/11\/Dormisan_pikt_antialergicky.svg\" alt=\"\" width=\"50\" height=\"50\" \/>\u00a0<img decoding=\"async\" class=\"size-thumbnail wp-image-4748\" src=\"https:\/\/www.dormisan.eu\/wp-content\/uploads\/2019\/11\/ARROTOLATO.svg\" alt=\"\" width=\"50\" height=\"50\" \/><\/p>\n<div class=\"table-2\">\n<table width=\"100%\">\n<tbody>\n<tr>\n<td align=\"left\">Vyu\u017eitie<\/td>\n<td align=\"left\">[acf field=\"1\"]<\/td>\n<\/tr>\n<tr>\n<td align=\"left\">Jadro<\/td>\n<td align=\"left\">[acf field=\"2\"]<\/td>\n<\/tr>\n<tr>\n<td align=\"left\">V\u00fd\u0161ka matraca<\/td>\n<td align=\"left\">\u00a0[acf field=\"4\"]<\/td>\n<\/tr>\n<tr>\n<td align=\"left\">\u0160tandardn\u00e9 rozmery<\/td>\n<td align=\"left\">\u00a0[acf field=\"6\"]<\/td>\n<\/tr>\n<tr>\n<td align=\"left\">Po\u0165ah<\/td>\n<td align=\"left\">\u00a0[acf field=\"9\"]<\/td>\n<\/tr>\n<\/tbody>\n<\/table>\n<\/div>\n","protected":false},"featured_media":11694,"template":"","meta":{"_acf_changed":false,"_relevanssi_hide_post":"","_relevanssi_hide_content":"","_relevanssi_pin_for_all":"","_relevanssi_pin_keywords":"","_relevanssi_unpin_keywords":"","_relevanssi_related_keywords":"","_relevanssi_related_include_ids":"","_relevanssi_related_exclude_ids":"","_relevanssi_related_no_append":"","_relevanssi_related_not_related":"","_relevanssi_related_posts":"","_relevanssi_noindex_reason":""},"product_brand":[],"product_cat":[17,130],"product_tag":[],"class_list":["post-36","product","type-product","status-publish","has-post-thumbnail","product_cat-doplnky","product_cat-topper-2","first","instock","taxable","shipping-taxable","purchasable","product-type-variable","has-default-attributes"],"acf":[],"yoast_head":"<!-- This site is optimized with the Yoast SEO plugin v28.3 - https:\/\/yoast.com\/product\/yoast-seo-wordpress\/ -->\n<title>Vrchn\u00fd matrac topper MAIA GRAPHEN - Dormisan<\/title>\n<meta name=\"robots\" content=\"index, follow, max-snippet:-1, max-image-preview:large, max-video-preview:-1\" \/>\n<link rel=\"canonical\" href=\"https:\/\/www.dormisan.eu\/it\/eshop\/vrchny-matrac-topper-maia-graphen\/\" \/>\n<meta property=\"og:locale\" content=\"it_IT\" \/>\n<meta property=\"og:type\" content=\"article\" \/>\n<meta property=\"og:title\" content=\"Vrchn\u00fd matrac topper MAIA GRAPHEN - Dormisan\" \/>\n<meta property=\"og:description\" content=\"Obojstranne vyu\u017eite\u013en\u00fd topper MAIA v\u010faka mikromas\u00e1\u017enej profil\u00e1cii povrchu z jednej strany zaist\u00ed ortopedick\u00fa mas\u00e1\u017e a prevzdu\u0161nenie. Druh\u00e1 strana je z pam\u00e4\u0165ovej peny Sonnocell\u00ae Visco Memory, ktor\u00e1 sa dokonale prisp\u00f4sob\u00ed tvaru tela. Topper je vhodn\u00fd aj ako terapeutick\u00e1 pom\u00f4cka. Po\u0165ah je mo\u017en\u00e9 pra\u0165, \u013eahko sa odzipsuje na 2 stran\u00e1ch. Uchytenie na matrac pomocou \u00fachytov na ka\u017edom rohu.  V\u0161etky pou\u017eit\u00e9 materi\u00e1ly maj\u00fa certifik\u00e1t OEKO-TEX\u00ae.  Uveden\u00e1 cena je za \u0161tandardn\u00e9 rozmery. Na objedn\u00e1vku aj atypick\u00e9 rozmery a tvary.       \u00a0  \u00a0\u00a0     Vyu\u017eitie    Jadro    V\u00fd\u0161ka matraca \u00a0   \u0160tandardn\u00e9 rozmery \u00a0   Po\u0165ah \u00a0\" \/>\n<meta property=\"og:url\" content=\"https:\/\/www.dormisan.eu\/it\/eshop\/vrchny-matrac-topper-maia-graphen\/\" \/>\n<meta property=\"og:site_name\" content=\"Dormisan\" \/>\n<meta property=\"article:modified_time\" content=\"2026-06-05T07:18:27+00:00\" \/>\n<meta property=\"og:image\" content=\"https:\/\/www.dormisan.eu\/wp-content\/uploads\/2021\/03\/maia-1.jpg\" \/>\n\t<meta property=\"og:image:width\" content=\"1600\" \/>\n\t<meta property=\"og:image:height\" content=\"1068\" \/>\n\t<meta property=\"og:image:type\" content=\"image\/jpeg\" \/>\n<meta name=\"twitter:card\" content=\"summary_large_image\" \/>\n<meta name=\"twitter:label1\" content=\"Tempo di lettura stimato\" \/>\n\t<meta name=\"twitter:data1\" content=\"1 minuto\" \/>\n<script type=\"application\/ld+json\" class=\"yoast-schema-graph\">{\"@context\":\"https:\\\/\\\/schema.org\",\"@graph\":[{\"@type\":\"WebPage\",\"@id\":\"https:\\\/\\\/www.dormisan.eu\\\/eshop\\\/vrchny-matrac-topper-maia-graphen\\\/\",\"url\":\"https:\\\/\\\/www.dormisan.eu\\\/eshop\\\/vrchny-matrac-topper-maia-graphen\\\/\",\"name\":\"Vrchn\u00fd matrac topper MAIA GRAPHEN - Dormisan\",\"isPartOf\":{\"@id\":\"https:\\\/\\\/www.dormisan.eu\\\/#website\"},\"primaryImageOfPage\":{\"@id\":\"https:\\\/\\\/www.dormisan.eu\\\/eshop\\\/vrchny-matrac-topper-maia-graphen\\\/#primaryimage\"},\"image\":{\"@id\":\"https:\\\/\\\/www.dormisan.eu\\\/eshop\\\/vrchny-matrac-topper-maia-graphen\\\/#primaryimage\"},\"thumbnailUrl\":\"https:\\\/\\\/www.dormisan.eu\\\/wp-content\\\/uploads\\\/2021\\\/03\\\/maia-1.jpg\",\"datePublished\":\"2021-03-15T15:00:56+00:00\",\"dateModified\":\"2026-06-05T07:18:27+00:00\",\"breadcrumb\":{\"@id\":\"https:\\\/\\\/www.dormisan.eu\\\/eshop\\\/vrchny-matrac-topper-maia-graphen\\\/#breadcrumb\"},\"inLanguage\":\"it-IT\",\"potentialAction\":[{\"@type\":\"ReadAction\",\"target\":[\"https:\\\/\\\/www.dormisan.eu\\\/eshop\\\/vrchny-matrac-topper-maia-graphen\\\/\"]}]},{\"@type\":\"ImageObject\",\"inLanguage\":\"it-IT\",\"@id\":\"https:\\\/\\\/www.dormisan.eu\\\/eshop\\\/vrchny-matrac-topper-maia-graphen\\\/#primaryimage\",\"url\":\"https:\\\/\\\/www.dormisan.eu\\\/wp-content\\\/uploads\\\/2021\\\/03\\\/maia-1.jpg\",\"contentUrl\":\"https:\\\/\\\/www.dormisan.eu\\\/wp-content\\\/uploads\\\/2021\\\/03\\\/maia-1.jpg\",\"width\":1600,\"height\":1068},{\"@type\":\"BreadcrumbList\",\"@id\":\"https:\\\/\\\/www.dormisan.eu\\\/eshop\\\/vrchny-matrac-topper-maia-graphen\\\/#breadcrumb\",\"itemListElement\":[{\"@type\":\"ListItem\",\"position\":1,\"name\":\"Home\",\"item\":\"https:\\\/\\\/www.dormisan.eu\\\/\"},{\"@type\":\"ListItem\",\"position\":2,\"name\":\"eShop\",\"item\":\"https:\\\/\\\/www.dormisan.eu\\\/eshop\\\/\"},{\"@type\":\"ListItem\",\"position\":3,\"name\":\"Vrchn\u00fd matrac topper MAIA GRAPHEN\"}]},{\"@type\":\"WebSite\",\"@id\":\"https:\\\/\\\/www.dormisan.eu\\\/#website\",\"url\":\"https:\\\/\\\/www.dormisan.eu\\\/\",\"name\":\"Dormisan\",\"description\":\"Matrace pre zdrav\u00fd sp\u00e1nok\",\"publisher\":{\"@id\":\"https:\\\/\\\/www.dormisan.eu\\\/#organization\"},\"potentialAction\":[{\"@type\":\"SearchAction\",\"target\":{\"@type\":\"EntryPoint\",\"urlTemplate\":\"https:\\\/\\\/www.dormisan.eu\\\/?s={search_term_string}\"},\"query-input\":{\"@type\":\"PropertyValueSpecification\",\"valueRequired\":true,\"valueName\":\"search_term_string\"}}],\"inLanguage\":\"it-IT\"},{\"@type\":\"Organization\",\"@id\":\"https:\\\/\\\/www.dormisan.eu\\\/#organization\",\"name\":\"Dormisan\",\"url\":\"https:\\\/\\\/www.dormisan.eu\\\/\",\"logo\":{\"@type\":\"ImageObject\",\"inLanguage\":\"it-IT\",\"@id\":\"https:\\\/\\\/www.dormisan.eu\\\/#\\\/schema\\\/logo\\\/image\\\/\",\"url\":\"https:\\\/\\\/www.dormisan.eu\\\/wp-content\\\/uploads\\\/2022\\\/05\\\/dormisan-matrace-logo_vectorized-2.png\",\"contentUrl\":\"https:\\\/\\\/www.dormisan.eu\\\/wp-content\\\/uploads\\\/2022\\\/05\\\/dormisan-matrace-logo_vectorized-2.png\",\"width\":249,\"height\":69,\"caption\":\"Dormisan\"},\"image\":{\"@id\":\"https:\\\/\\\/www.dormisan.eu\\\/#\\\/schema\\\/logo\\\/image\\\/\"}}]}<\/script>\n<!-- \/ Yoast SEO plugin. -->","yoast_head_json":{"title":"Vrchn\u00fd matrac topper MAIA GRAPHEN - Dormisan","robots":{"index":"index","follow":"follow","max-snippet":"max-snippet:-1","max-image-preview":"max-image-preview:large","max-video-preview":"max-video-preview:-1"},"canonical":"https:\/\/www.dormisan.eu\/it\/eshop\/vrchny-matrac-topper-maia-graphen\/","og_locale":"it_IT","og_type":"article","og_title":"Vrchn\u00fd matrac topper MAIA GRAPHEN - Dormisan","og_description":"Obojstranne vyu\u017eite\u013en\u00fd topper MAIA v\u010faka mikromas\u00e1\u017enej profil\u00e1cii povrchu z jednej strany zaist\u00ed ortopedick\u00fa mas\u00e1\u017e a prevzdu\u0161nenie. Druh\u00e1 strana je z pam\u00e4\u0165ovej peny Sonnocell\u00ae Visco Memory, ktor\u00e1 sa dokonale prisp\u00f4sob\u00ed tvaru tela. Topper je vhodn\u00fd aj ako terapeutick\u00e1 pom\u00f4cka. Po\u0165ah je mo\u017en\u00e9 pra\u0165, \u013eahko sa odzipsuje na 2 stran\u00e1ch. Uchytenie na matrac pomocou \u00fachytov na ka\u017edom rohu.  V\u0161etky pou\u017eit\u00e9 materi\u00e1ly maj\u00fa certifik\u00e1t OEKO-TEX\u00ae.  Uveden\u00e1 cena je za \u0161tandardn\u00e9 rozmery. Na objedn\u00e1vku aj atypick\u00e9 rozmery a tvary.       \u00a0  \u00a0\u00a0     Vyu\u017eitie    Jadro    V\u00fd\u0161ka matraca \u00a0   \u0160tandardn\u00e9 rozmery \u00a0   Po\u0165ah \u00a0","og_url":"https:\/\/www.dormisan.eu\/it\/eshop\/vrchny-matrac-topper-maia-graphen\/","og_site_name":"Dormisan","article_modified_time":"2026-06-05T07:18:27+00:00","og_image":[{"width":1600,"height":1068,"url":"https:\/\/www.dormisan.eu\/wp-content\/uploads\/2021\/03\/maia-1.jpg","type":"image\/jpeg"}],"twitter_card":"summary_large_image","twitter_misc":{"Tempo di lettura stimato":"1 minuto"},"schema":{"@context":"https:\/\/schema.org","@graph":[{"@type":"WebPage","@id":"https:\/\/www.dormisan.eu\/eshop\/vrchny-matrac-topper-maia-graphen\/","url":"https:\/\/www.dormisan.eu\/eshop\/vrchny-matrac-topper-maia-graphen\/","name":"Vrchn\u00fd matrac topper MAIA GRAPHEN - Dormisan","isPartOf":{"@id":"https:\/\/www.dormisan.eu\/#website"},"primaryImageOfPage":{"@id":"https:\/\/www.dormisan.eu\/eshop\/vrchny-matrac-topper-maia-graphen\/#primaryimage"},"image":{"@id":"https:\/\/www.dormisan.eu\/eshop\/vrchny-matrac-topper-maia-graphen\/#primaryimage"},"thumbnailUrl":"https:\/\/www.dormisan.eu\/wp-content\/uploads\/2021\/03\/maia-1.jpg","datePublished":"2021-03-15T15:00:56+00:00","dateModified":"2026-06-05T07:18:27+00:00","breadcrumb":{"@id":"https:\/\/www.dormisan.eu\/eshop\/vrchny-matrac-topper-maia-graphen\/#breadcrumb"},"inLanguage":"it-IT","potentialAction":[{"@type":"ReadAction","target":["https:\/\/www.dormisan.eu\/eshop\/vrchny-matrac-topper-maia-graphen\/"]}]},{"@type":"ImageObject","inLanguage":"it-IT","@id":"https:\/\/www.dormisan.eu\/eshop\/vrchny-matrac-topper-maia-graphen\/#primaryimage","url":"https:\/\/www.dormisan.eu\/wp-content\/uploads\/2021\/03\/maia-1.jpg","contentUrl":"https:\/\/www.dormisan.eu\/wp-content\/uploads\/2021\/03\/maia-1.jpg","width":1600,"height":1068},{"@type":"BreadcrumbList","@id":"https:\/\/www.dormisan.eu\/eshop\/vrchny-matrac-topper-maia-graphen\/#breadcrumb","itemListElement":[{"@type":"ListItem","position":1,"name":"Home","item":"https:\/\/www.dormisan.eu\/"},{"@type":"ListItem","position":2,"name":"eShop","item":"https:\/\/www.dormisan.eu\/eshop\/"},{"@type":"ListItem","position":3,"name":"Vrchn\u00fd matrac topper MAIA GRAPHEN"}]},{"@type":"WebSite","@id":"https:\/\/www.dormisan.eu\/#website","url":"https:\/\/www.dormisan.eu\/","name":"Dormisan","description":"Matrace pre zdrav\u00fd sp\u00e1nok","publisher":{"@id":"https:\/\/www.dormisan.eu\/#organization"},"potentialAction":[{"@type":"SearchAction","target":{"@type":"EntryPoint","urlTemplate":"https:\/\/www.dormisan.eu\/?s={search_term_string}"},"query-input":{"@type":"PropertyValueSpecification","valueRequired":true,"valueName":"search_term_string"}}],"inLanguage":"it-IT"},{"@type":"Organization","@id":"https:\/\/www.dormisan.eu\/#organization","name":"Dormisan","url":"https:\/\/www.dormisan.eu\/","logo":{"@type":"ImageObject","inLanguage":"it-IT","@id":"https:\/\/www.dormisan.eu\/#\/schema\/logo\/image\/","url":"https:\/\/www.dormisan.eu\/wp-content\/uploads\/2022\/05\/dormisan-matrace-logo_vectorized-2.png","contentUrl":"https:\/\/www.dormisan.eu\/wp-content\/uploads\/2022\/05\/dormisan-matrace-logo_vectorized-2.png","width":249,"height":69,"caption":"Dormisan"},"image":{"@id":"https:\/\/www.dormisan.eu\/#\/schema\/logo\/image\/"}}]}},"_links":{"self":[{"href":"https:\/\/www.dormisan.eu\/it\/wp-json\/wp\/v2\/product\/36","targetHints":{"allow":["GET"]}}],"collection":[{"href":"https:\/\/www.dormisan.eu\/it\/wp-json\/wp\/v2\/product"}],"about":[{"href":"https:\/\/www.dormisan.eu\/it\/wp-json\/wp\/v2\/types\/product"}],"wp:featuredmedia":[{"embeddable":true,"href":"https:\/\/www.dormisan.eu\/it\/wp-json\/wp\/v2\/media\/11694"}],"wp:attachment":[{"href":"https:\/\/www.dormisan.eu\/it\/wp-json\/wp\/v2\/media?parent=36"}],"wp:term":[{"taxonomy":"product_brand","embeddable":true,"href":"https:\/\/www.dormisan.eu\/it\/wp-json\/wp\/v2\/product_brand?post=36"},{"taxonomy":"product_cat","embeddable":true,"href":"https:\/\/www.dormisan.eu\/it\/wp-json\/wp\/v2\/product_cat?post=36"},{"taxonomy":"product_tag","embeddable":true,"href":"https:\/\/www.dormisan.eu\/it\/wp-json\/wp\/v2\/product_tag?post=36"}],"curies":[{"name":"wp","href":"https:\/\/api.w.org\/{rel}","templated":true}]}}