{"id":33,"date":"2021-03-15T15:00:55","date_gmt":"2021-03-15T15:00:55","guid":{"rendered":"https:\/\/dormisan.eu\/?post_type=product&#038;p=33"},"modified":"2026-05-04T08:41:05","modified_gmt":"2026-05-04T08:41:05","slug":"luxusny-matrac-silver-memo-king","status":"publish","type":"product","link":"https:\/\/www.dormisan.eu\/it\/eshop\/luxusny-matrac-silver-memo-king\/","title":{"rendered":"Luxusn\u00fd matrac SILVER MEMO KING"},"content":{"rendered":"<div class=\"fusion-image-before-after-wrapper fusion-image-before-after-horizontal type-before-after hover-type-together fusion-image-before-after-wrapper-1\" style=\"--awb-font-size:13px;--awb-bordersize:0px;--awb-accent-color-bg:rgba(255,255,255,0.15);--awb-transition-time:0.5s;\"><div class=\"fusion-image-before-after-element fusion-image-before-after fusion-image-before-after-container fusion-image-before-after-1\" data-offset=\"0.5\" data-orientation=\"horizontal\" data-move-with-handle-only=\"true\" data-click-to-move=\"true\"><img decoding=\"async\" alt=\"detsk\u00fd matrac\" class=\"fusion-image-before-after-before\" src=\"https:\/\/www.dormisan.eu\/wp-content\/uploads\/2021\/03\/MATRAC-SILVER-MEMO-KING-2.jpg\" width=\"1200\" height=\"800\"><img decoding=\"async\" class=\"fusion-image-before-after-after\" src=\"https:\/\/www.dormisan.eu\/wp-content\/uploads\/2021\/03\/MATRAC-SILVER-MEMO-KING-jadro.jpg\" width=\"1200\" height=\"800\"><div class=\"fusion-image-before-after-handle fusion-image-before-after-handle-default\"><span class=\"fusion-image-before-after-left-arrow\"><\/span><span class=\"fusion-image-before-after-right-arrow\"><\/span><\/div><\/div><\/div>","protected":false},"excerpt":{"rendered":"<p>Obojstranne vyu\u017eite\u013en\u00fd matrac SILVER MEMO KING je vhodn\u00fd pre v\u0161etky vekov\u00e9 skupiny. Po\u010das sp\u00e1nku sa plne prisp\u00f4sob\u00ed telu, udr\u017euje chrbticu v prirodzenej polohe a zabezpe\u010d\u00ed zdrav\u00fd a kvalitn\u00fd oddych. Jeho z\u00e1klad tvor\u00ed jadro z peny Sonnocell\u00ae. V\u010faka jeho pevnej a \u0161peci\u00e1lnej \u0161trukt\u00fare otvoren\u00fdch buniek je jadro matraca aj ve\u013emi priedu\u0161n\u00e9, \u010d\u00edm zabezpe\u010duje v\u00fdborn\u00fa ventil\u00e1ciu cel\u00e9ho matraca. Vzdu\u0161nos\u0165 matraca zvy\u0161uje aj odvetr\u00e1vac\u00ed lem z 3D l\u00e1tky. Po\u0165ah je navy\u0161e pre\u0161it\u00fd 2 cm vrstvou pam\u00e4\u0165ovej peny Sonnocell\u00ae Visco Memory, v\u010faka ktorej sa povrch matraca perfektne prisp\u00f4sob\u00ed polohe tela. Po\u0165ahov\u00e1 l\u00e1tka so \u0161peci\u00e1lnou \u00fapravou SILVER PROTECT s i\u00f3nmi striebra a antibakteri\u00e1lnou a antirozto\u010dovou \u00fapravou blokuje, redukuje tvorbu \u0161kodliv\u00fdch z\u00e1rodkov a bakt\u00e9ri\u00ed, v\u00fdborne likviduje rozto\u010de a m\u00e1 antimikrobi\u00e1lny \u00fa\u010dinok.<\/p>\n<p>Na pred\u013a\u017eenie \u017eivotnosti matraca odpor\u00fa\u010dame pou\u017e\u00edva\u0165 n\u00e1\u0161 chr\u00e1ni\u010d na matrac alebo na\u0161u nepremokav\u00fa plachtu prate\u013en\u00fa a\u017e do 90\u00b0C.\u00a0V\u0161etky pou\u017eit\u00e9 materi\u00e1ly maj\u00fa certifik\u00e1t OEKO-TEX\u00ae.<\/p>\n<p>Uveden\u00e1 cena je za \u0161tandardn\u00e9 rozmery. Na objedn\u00e1vku aj atypick\u00e9 rozmery a\u017e do 200x220cm.<\/p>\n<p><img decoding=\"async\" class=\"size-thumbnail wp-image-5156\" src=\"https:\/\/www.dormisan.eu\/wp-content\/uploads\/2019\/11\/tvrdost3_4.svg\" alt=\"\" width=\"50\" height=\"50\" \/> <img decoding=\"async\" class=\"size-thumbnail wp-image-4781\" src=\"https:\/\/www.dormisan.eu\/wp-content\/uploads\/2019\/11\/RIBALTABILE.svg\" alt=\"\" width=\"50\" height=\"50\" \/> <img decoding=\"async\" class=\"size-thumbnail wp-image-4889\" src=\"https:\/\/www.dormisan.eu\/wp-content\/uploads\/2019\/11\/25cm-1.svg\" alt=\"\" width=\"50\" height=\"50\" \/> <img decoding=\"async\" class=\"size-thumbnail wp-image-4715\" src=\"https:\/\/www.dormisan.eu\/wp-content\/uploads\/2019\/11\/150KG.svg\" alt=\"\" width=\"50\" height=\"50\" \/>\u00a0\u00a0<img decoding=\"async\" class=\"size-thumbnail wp-image-4793\" src=\"https:\/\/www.dormisan.eu\/wp-content\/uploads\/2019\/11\/SOONCELL-1.svg\" alt=\"\" width=\"50\" height=\"50\" \/> <img decoding=\"async\" class=\"size-thumbnail wp-image-4668\" src=\"https:\/\/www.dormisan.eu\/wp-content\/uploads\/2019\/11\/MEMORY.svg\" alt=\"\" width=\"50\" height=\"50\" \/>\u00a0<img decoding=\"async\" class=\"size-thumbnail wp-image-4787\" src=\"https:\/\/www.dormisan.eu\/wp-content\/uploads\/2019\/11\/SILVER-MEMO.svg\" alt=\"\" width=\"50\" height=\"50\" \/> <img decoding=\"async\" class=\"size-thumbnail wp-image-4757\" src=\"https:\/\/www.dormisan.eu\/wp-content\/uploads\/2019\/11\/FODERABILE.svg\" alt=\"\" width=\"50\" height=\"50\" \/>\u00a0<img decoding=\"async\" class=\"size-thumbnail wp-image-4736\" src=\"https:\/\/www.dormisan.eu\/wp-content\/uploads\/2019\/11\/ANTIBATTERICO.svg\" alt=\"\" width=\"50\" height=\"50\" \/> <img decoding=\"async\" class=\"size-thumbnail wp-image-4733\" src=\"https:\/\/www.dormisan.eu\/wp-content\/uploads\/2019\/11\/ANTIACARO.svg\" alt=\"\" width=\"50\" height=\"50\" \/> <img decoding=\"async\" class=\"size-thumbnail wp-image-4748\" src=\"https:\/\/www.dormisan.eu\/wp-content\/uploads\/2019\/11\/ARROTOLATO.svg\" alt=\"\" width=\"50\" height=\"50\" \/><\/p>\n<div class=\"table-2\">\n<table width=\"100%\">\n<tbody>\n<tr>\n<td align=\"left\">Vyu\u017eitie:<\/td>\n<td align=\"left\">[acf field=\"1\"]<\/td>\n<\/tr>\n<tr>\n<td align=\"left\">Jadro:<\/td>\n<td align=\"left\">[acf field=\"2\"]<\/td>\n<\/tr>\n<tr>\n<td align=\"left\">Stupe\u0148 tvrdosti:<\/td>\n<td align=\"left\">[acf field=\"3\"]<\/td>\n<\/tr>\n<tr>\n<td align=\"left\">V\u00fd\u0161ka matraca:<\/td>\n<td align=\"left\">[acf field=\"4\"]<\/td>\n<\/tr>\n<tr>\n<td align=\"left\">Ortopedick\u00e1 nosnos\u0165:<\/td>\n<td align=\"left\">[acf field=\"5\"]<\/td>\n<\/tr>\n<tr>\n<td align=\"left\">\u0160tandardn\u00e9 rozmery:<\/td>\n<td align=\"left\">[acf field=\"6\"]<\/td>\n<\/tr>\n<tr>\n<td align=\"left\">Balenie:<\/td>\n<td align=\"left\">[acf field=\"7\"]<\/td>\n<\/tr>\n<\/tbody>\n<\/table>\n<\/div>\n","protected":false},"featured_media":7466,"template":"","meta":{"_acf_changed":false,"_relevanssi_hide_post":"","_relevanssi_hide_content":"","_relevanssi_pin_for_all":"","_relevanssi_pin_keywords":"","_relevanssi_unpin_keywords":"","_relevanssi_related_keywords":"","_relevanssi_related_include_ids":"","_relevanssi_related_exclude_ids":"","_relevanssi_related_no_append":"","_relevanssi_related_not_related":"","_relevanssi_related_posts":"","_relevanssi_noindex_reason":""},"product_brand":[],"product_cat":[127,16],"product_tag":[],"class_list":["post-33","product","type-product","status-publish","has-post-thumbnail","product_cat-home","product_cat-matrace","first","instock","taxable","shipping-taxable","purchasable","product-type-variable","has-default-attributes"],"acf":[],"yoast_head":"<!-- This site is optimized with the Yoast SEO plugin v28.3 - https:\/\/yoast.com\/product\/yoast-seo-wordpress\/ -->\n<title>Luxusn\u00fd matrac SILVER MEMO KING - Dormisan<\/title>\n<meta name=\"robots\" content=\"index, follow, max-snippet:-1, max-image-preview:large, max-video-preview:-1\" \/>\n<link rel=\"canonical\" href=\"https:\/\/www.dormisan.eu\/it\/eshop\/luxusny-matrac-silver-memo-king\/\" \/>\n<meta property=\"og:locale\" content=\"it_IT\" \/>\n<meta property=\"og:type\" content=\"article\" \/>\n<meta property=\"og:title\" content=\"Luxusn\u00fd matrac SILVER MEMO KING - Dormisan\" \/>\n<meta property=\"og:description\" content=\"Obojstranne vyu\u017eite\u013en\u00fd matrac SILVER MEMO KING je vhodn\u00fd pre v\u0161etky vekov\u00e9 skupiny. Po\u010das sp\u00e1nku sa plne prisp\u00f4sob\u00ed telu, udr\u017euje chrbticu v prirodzenej polohe a zabezpe\u010d\u00ed zdrav\u00fd a kvalitn\u00fd oddych. Jeho z\u00e1klad tvor\u00ed jadro z peny Sonnocell\u00ae. V\u010faka jeho pevnej a \u0161peci\u00e1lnej \u0161trukt\u00fare otvoren\u00fdch buniek je jadro matraca aj ve\u013emi priedu\u0161n\u00e9, \u010d\u00edm zabezpe\u010duje v\u00fdborn\u00fa ventil\u00e1ciu cel\u00e9ho matraca. Vzdu\u0161nos\u0165 matraca zvy\u0161uje aj odvetr\u00e1vac\u00ed lem z 3D l\u00e1tky. Po\u0165ah je navy\u0161e pre\u0161it\u00fd 2 cm vrstvou pam\u00e4\u0165ovej peny Sonnocell\u00ae Visco Memory, v\u010faka ktorej sa povrch matraca perfektne prisp\u00f4sob\u00ed polohe tela. Po\u0165ahov\u00e1 l\u00e1tka so \u0161peci\u00e1lnou \u00fapravou SILVER PROTECT s i\u00f3nmi striebra a antibakteri\u00e1lnou a antirozto\u010dovou \u00fapravou blokuje, redukuje tvorbu \u0161kodliv\u00fdch z\u00e1rodkov a bakt\u00e9ri\u00ed, v\u00fdborne likviduje rozto\u010de a m\u00e1 antimikrobi\u00e1lny \u00fa\u010dinok.  Na pred\u013a\u017eenie \u017eivotnosti matraca odpor\u00fa\u010dame pou\u017e\u00edva\u0165 n\u00e1\u0161 chr\u00e1ni\u010d na matrac alebo na\u0161u nepremokav\u00fa plachtu prate\u013en\u00fa a\u017e do 90\u00b0C.\u00a0V\u0161etky pou\u017eit\u00e9 materi\u00e1ly maj\u00fa certifik\u00e1t OEKO-TEX\u00ae.  Uveden\u00e1 cena je za \u0161tandardn\u00e9 rozmery. Na objedn\u00e1vku aj atypick\u00e9 rozmery a\u017e do 200x220cm.    \u00a0\u00a0 \u00a0 \u00a0      Vyu\u017eitie:    Jadro:    Stupe\u0148 tvrdosti:    V\u00fd\u0161ka matraca:    Ortopedick\u00e1 nosnos\u0165:    \u0160tandardn\u00e9 rozmery:    Balenie:\" \/>\n<meta property=\"og:url\" content=\"https:\/\/www.dormisan.eu\/it\/eshop\/luxusny-matrac-silver-memo-king\/\" \/>\n<meta property=\"og:site_name\" content=\"Dormisan\" \/>\n<meta property=\"article:modified_time\" content=\"2026-05-04T08:41:05+00:00\" \/>\n<meta property=\"og:image\" content=\"https:\/\/www.dormisan.eu\/wp-content\/uploads\/2021\/03\/matrac-dormisan-SILVER-MEMO-KING.jpg\" \/>\n\t<meta property=\"og:image:width\" content=\"1600\" \/>\n\t<meta property=\"og:image:height\" content=\"1068\" \/>\n\t<meta property=\"og:image:type\" content=\"image\/jpeg\" \/>\n<meta name=\"twitter:card\" content=\"summary_large_image\" \/>\n<meta name=\"twitter:label1\" content=\"Tempo di lettura stimato\" \/>\n\t<meta name=\"twitter:data1\" content=\"1 minuto\" \/>\n<script type=\"application\/ld+json\" class=\"yoast-schema-graph\">{\"@context\":\"https:\\\/\\\/schema.org\",\"@graph\":[{\"@type\":\"WebPage\",\"@id\":\"https:\\\/\\\/www.dormisan.eu\\\/eshop\\\/luxusny-matrac-silver-memo-king\\\/\",\"url\":\"https:\\\/\\\/www.dormisan.eu\\\/eshop\\\/luxusny-matrac-silver-memo-king\\\/\",\"name\":\"Luxusn\u00fd matrac SILVER MEMO KING - Dormisan\",\"isPartOf\":{\"@id\":\"https:\\\/\\\/www.dormisan.eu\\\/#website\"},\"primaryImageOfPage\":{\"@id\":\"https:\\\/\\\/www.dormisan.eu\\\/eshop\\\/luxusny-matrac-silver-memo-king\\\/#primaryimage\"},\"image\":{\"@id\":\"https:\\\/\\\/www.dormisan.eu\\\/eshop\\\/luxusny-matrac-silver-memo-king\\\/#primaryimage\"},\"thumbnailUrl\":\"https:\\\/\\\/www.dormisan.eu\\\/wp-content\\\/uploads\\\/2021\\\/03\\\/matrac-dormisan-SILVER-MEMO-KING.jpg\",\"datePublished\":\"2021-03-15T15:00:55+00:00\",\"dateModified\":\"2026-05-04T08:41:05+00:00\",\"breadcrumb\":{\"@id\":\"https:\\\/\\\/www.dormisan.eu\\\/eshop\\\/luxusny-matrac-silver-memo-king\\\/#breadcrumb\"},\"inLanguage\":\"it-IT\",\"potentialAction\":[{\"@type\":\"ReadAction\",\"target\":[\"https:\\\/\\\/www.dormisan.eu\\\/eshop\\\/luxusny-matrac-silver-memo-king\\\/\"]}]},{\"@type\":\"ImageObject\",\"inLanguage\":\"it-IT\",\"@id\":\"https:\\\/\\\/www.dormisan.eu\\\/eshop\\\/luxusny-matrac-silver-memo-king\\\/#primaryimage\",\"url\":\"https:\\\/\\\/www.dormisan.eu\\\/wp-content\\\/uploads\\\/2021\\\/03\\\/matrac-dormisan-SILVER-MEMO-KING.jpg\",\"contentUrl\":\"https:\\\/\\\/www.dormisan.eu\\\/wp-content\\\/uploads\\\/2021\\\/03\\\/matrac-dormisan-SILVER-MEMO-KING.jpg\",\"width\":1600,\"height\":1068},{\"@type\":\"BreadcrumbList\",\"@id\":\"https:\\\/\\\/www.dormisan.eu\\\/eshop\\\/luxusny-matrac-silver-memo-king\\\/#breadcrumb\",\"itemListElement\":[{\"@type\":\"ListItem\",\"position\":1,\"name\":\"Home\",\"item\":\"https:\\\/\\\/www.dormisan.eu\\\/\"},{\"@type\":\"ListItem\",\"position\":2,\"name\":\"eShop\",\"item\":\"https:\\\/\\\/www.dormisan.eu\\\/eshop\\\/\"},{\"@type\":\"ListItem\",\"position\":3,\"name\":\"Luxusn\u00fd matrac SILVER MEMO KING\"}]},{\"@type\":\"WebSite\",\"@id\":\"https:\\\/\\\/www.dormisan.eu\\\/#website\",\"url\":\"https:\\\/\\\/www.dormisan.eu\\\/\",\"name\":\"Dormisan\",\"description\":\"Matrace pre zdrav\u00fd sp\u00e1nok\",\"publisher\":{\"@id\":\"https:\\\/\\\/www.dormisan.eu\\\/#organization\"},\"potentialAction\":[{\"@type\":\"SearchAction\",\"target\":{\"@type\":\"EntryPoint\",\"urlTemplate\":\"https:\\\/\\\/www.dormisan.eu\\\/?s={search_term_string}\"},\"query-input\":{\"@type\":\"PropertyValueSpecification\",\"valueRequired\":true,\"valueName\":\"search_term_string\"}}],\"inLanguage\":\"it-IT\"},{\"@type\":\"Organization\",\"@id\":\"https:\\\/\\\/www.dormisan.eu\\\/#organization\",\"name\":\"Dormisan\",\"url\":\"https:\\\/\\\/www.dormisan.eu\\\/\",\"logo\":{\"@type\":\"ImageObject\",\"inLanguage\":\"it-IT\",\"@id\":\"https:\\\/\\\/www.dormisan.eu\\\/#\\\/schema\\\/logo\\\/image\\\/\",\"url\":\"https:\\\/\\\/www.dormisan.eu\\\/wp-content\\\/uploads\\\/2022\\\/05\\\/dormisan-matrace-logo_vectorized-2.png\",\"contentUrl\":\"https:\\\/\\\/www.dormisan.eu\\\/wp-content\\\/uploads\\\/2022\\\/05\\\/dormisan-matrace-logo_vectorized-2.png\",\"width\":249,\"height\":69,\"caption\":\"Dormisan\"},\"image\":{\"@id\":\"https:\\\/\\\/www.dormisan.eu\\\/#\\\/schema\\\/logo\\\/image\\\/\"}}]}<\/script>\n<!-- \/ Yoast SEO plugin. -->","yoast_head_json":{"title":"Luxusn\u00fd matrac SILVER MEMO KING - Dormisan","robots":{"index":"index","follow":"follow","max-snippet":"max-snippet:-1","max-image-preview":"max-image-preview:large","max-video-preview":"max-video-preview:-1"},"canonical":"https:\/\/www.dormisan.eu\/it\/eshop\/luxusny-matrac-silver-memo-king\/","og_locale":"it_IT","og_type":"article","og_title":"Luxusn\u00fd matrac SILVER MEMO KING - Dormisan","og_description":"Obojstranne vyu\u017eite\u013en\u00fd matrac SILVER MEMO KING je vhodn\u00fd pre v\u0161etky vekov\u00e9 skupiny. Po\u010das sp\u00e1nku sa plne prisp\u00f4sob\u00ed telu, udr\u017euje chrbticu v prirodzenej polohe a zabezpe\u010d\u00ed zdrav\u00fd a kvalitn\u00fd oddych. Jeho z\u00e1klad tvor\u00ed jadro z peny Sonnocell\u00ae. V\u010faka jeho pevnej a \u0161peci\u00e1lnej \u0161trukt\u00fare otvoren\u00fdch buniek je jadro matraca aj ve\u013emi priedu\u0161n\u00e9, \u010d\u00edm zabezpe\u010duje v\u00fdborn\u00fa ventil\u00e1ciu cel\u00e9ho matraca. Vzdu\u0161nos\u0165 matraca zvy\u0161uje aj odvetr\u00e1vac\u00ed lem z 3D l\u00e1tky. Po\u0165ah je navy\u0161e pre\u0161it\u00fd 2 cm vrstvou pam\u00e4\u0165ovej peny Sonnocell\u00ae Visco Memory, v\u010faka ktorej sa povrch matraca perfektne prisp\u00f4sob\u00ed polohe tela. Po\u0165ahov\u00e1 l\u00e1tka so \u0161peci\u00e1lnou \u00fapravou SILVER PROTECT s i\u00f3nmi striebra a antibakteri\u00e1lnou a antirozto\u010dovou \u00fapravou blokuje, redukuje tvorbu \u0161kodliv\u00fdch z\u00e1rodkov a bakt\u00e9ri\u00ed, v\u00fdborne likviduje rozto\u010de a m\u00e1 antimikrobi\u00e1lny \u00fa\u010dinok.  Na pred\u013a\u017eenie \u017eivotnosti matraca odpor\u00fa\u010dame pou\u017e\u00edva\u0165 n\u00e1\u0161 chr\u00e1ni\u010d na matrac alebo na\u0161u nepremokav\u00fa plachtu prate\u013en\u00fa a\u017e do 90\u00b0C.\u00a0V\u0161etky pou\u017eit\u00e9 materi\u00e1ly maj\u00fa certifik\u00e1t OEKO-TEX\u00ae.  Uveden\u00e1 cena je za \u0161tandardn\u00e9 rozmery. Na objedn\u00e1vku aj atypick\u00e9 rozmery a\u017e do 200x220cm.    \u00a0\u00a0 \u00a0 \u00a0      Vyu\u017eitie:    Jadro:    Stupe\u0148 tvrdosti:    V\u00fd\u0161ka matraca:    Ortopedick\u00e1 nosnos\u0165:    \u0160tandardn\u00e9 rozmery:    Balenie:","og_url":"https:\/\/www.dormisan.eu\/it\/eshop\/luxusny-matrac-silver-memo-king\/","og_site_name":"Dormisan","article_modified_time":"2026-05-04T08:41:05+00:00","og_image":[{"width":1600,"height":1068,"url":"https:\/\/www.dormisan.eu\/wp-content\/uploads\/2021\/03\/matrac-dormisan-SILVER-MEMO-KING.jpg","type":"image\/jpeg"}],"twitter_card":"summary_large_image","twitter_misc":{"Tempo di lettura stimato":"1 minuto"},"schema":{"@context":"https:\/\/schema.org","@graph":[{"@type":"WebPage","@id":"https:\/\/www.dormisan.eu\/eshop\/luxusny-matrac-silver-memo-king\/","url":"https:\/\/www.dormisan.eu\/eshop\/luxusny-matrac-silver-memo-king\/","name":"Luxusn\u00fd matrac SILVER MEMO KING - Dormisan","isPartOf":{"@id":"https:\/\/www.dormisan.eu\/#website"},"primaryImageOfPage":{"@id":"https:\/\/www.dormisan.eu\/eshop\/luxusny-matrac-silver-memo-king\/#primaryimage"},"image":{"@id":"https:\/\/www.dormisan.eu\/eshop\/luxusny-matrac-silver-memo-king\/#primaryimage"},"thumbnailUrl":"https:\/\/www.dormisan.eu\/wp-content\/uploads\/2021\/03\/matrac-dormisan-SILVER-MEMO-KING.jpg","datePublished":"2021-03-15T15:00:55+00:00","dateModified":"2026-05-04T08:41:05+00:00","breadcrumb":{"@id":"https:\/\/www.dormisan.eu\/eshop\/luxusny-matrac-silver-memo-king\/#breadcrumb"},"inLanguage":"it-IT","potentialAction":[{"@type":"ReadAction","target":["https:\/\/www.dormisan.eu\/eshop\/luxusny-matrac-silver-memo-king\/"]}]},{"@type":"ImageObject","inLanguage":"it-IT","@id":"https:\/\/www.dormisan.eu\/eshop\/luxusny-matrac-silver-memo-king\/#primaryimage","url":"https:\/\/www.dormisan.eu\/wp-content\/uploads\/2021\/03\/matrac-dormisan-SILVER-MEMO-KING.jpg","contentUrl":"https:\/\/www.dormisan.eu\/wp-content\/uploads\/2021\/03\/matrac-dormisan-SILVER-MEMO-KING.jpg","width":1600,"height":1068},{"@type":"BreadcrumbList","@id":"https:\/\/www.dormisan.eu\/eshop\/luxusny-matrac-silver-memo-king\/#breadcrumb","itemListElement":[{"@type":"ListItem","position":1,"name":"Home","item":"https:\/\/www.dormisan.eu\/"},{"@type":"ListItem","position":2,"name":"eShop","item":"https:\/\/www.dormisan.eu\/eshop\/"},{"@type":"ListItem","position":3,"name":"Luxusn\u00fd matrac SILVER MEMO KING"}]},{"@type":"WebSite","@id":"https:\/\/www.dormisan.eu\/#website","url":"https:\/\/www.dormisan.eu\/","name":"Dormisan","description":"Matrace pre zdrav\u00fd sp\u00e1nok","publisher":{"@id":"https:\/\/www.dormisan.eu\/#organization"},"potentialAction":[{"@type":"SearchAction","target":{"@type":"EntryPoint","urlTemplate":"https:\/\/www.dormisan.eu\/?s={search_term_string}"},"query-input":{"@type":"PropertyValueSpecification","valueRequired":true,"valueName":"search_term_string"}}],"inLanguage":"it-IT"},{"@type":"Organization","@id":"https:\/\/www.dormisan.eu\/#organization","name":"Dormisan","url":"https:\/\/www.dormisan.eu\/","logo":{"@type":"ImageObject","inLanguage":"it-IT","@id":"https:\/\/www.dormisan.eu\/#\/schema\/logo\/image\/","url":"https:\/\/www.dormisan.eu\/wp-content\/uploads\/2022\/05\/dormisan-matrace-logo_vectorized-2.png","contentUrl":"https:\/\/www.dormisan.eu\/wp-content\/uploads\/2022\/05\/dormisan-matrace-logo_vectorized-2.png","width":249,"height":69,"caption":"Dormisan"},"image":{"@id":"https:\/\/www.dormisan.eu\/#\/schema\/logo\/image\/"}}]}},"_links":{"self":[{"href":"https:\/\/www.dormisan.eu\/it\/wp-json\/wp\/v2\/product\/33","targetHints":{"allow":["GET"]}}],"collection":[{"href":"https:\/\/www.dormisan.eu\/it\/wp-json\/wp\/v2\/product"}],"about":[{"href":"https:\/\/www.dormisan.eu\/it\/wp-json\/wp\/v2\/types\/product"}],"wp:featuredmedia":[{"embeddable":true,"href":"https:\/\/www.dormisan.eu\/it\/wp-json\/wp\/v2\/media\/7466"}],"wp:attachment":[{"href":"https:\/\/www.dormisan.eu\/it\/wp-json\/wp\/v2\/media?parent=33"}],"wp:term":[{"taxonomy":"product_brand","embeddable":true,"href":"https:\/\/www.dormisan.eu\/it\/wp-json\/wp\/v2\/product_brand?post=33"},{"taxonomy":"product_cat","embeddable":true,"href":"https:\/\/www.dormisan.eu\/it\/wp-json\/wp\/v2\/product_cat?post=33"},{"taxonomy":"product_tag","embeddable":true,"href":"https:\/\/www.dormisan.eu\/it\/wp-json\/wp\/v2\/product_tag?post=33"}],"curies":[{"name":"wp","href":"https:\/\/api.w.org\/{rel}","templated":true}]}}